{"version":"1.0","provider_name":"III Liceum Og\u00f3lnokszta\u0142c\u0105ce im. Miko\u0142aja Kopernika","provider_url":"https:\/\/www.3lo.walbrzych.pl\/wordpress","author_name":"Tomasz Smejlis","author_url":"https:\/\/www.3lo.walbrzych.pl\/wordpress\/author\/tfox\/","title":"Diecezjalny Konkurs Misyjny - III Liceum Og\u00f3lnokszta\u0142c\u0105ce im. Miko\u0142aja Kopernika","type":"rich","width":600,"height":338,"html":"<blockquote class=\"wp-embedded-content\" data-secret=\"44KperCCLg\"><a href=\"https:\/\/www.3lo.walbrzych.pl\/wordpress\/diecezjalny-konkurs-misyjny\/\">Diecezjalny Konkurs Misyjny<\/a><\/blockquote><iframe sandbox=\"allow-scripts\" security=\"restricted\" src=\"https:\/\/www.3lo.walbrzych.pl\/wordpress\/diecezjalny-konkurs-misyjny\/embed\/#?secret=44KperCCLg\" width=\"600\" height=\"338\" title=\"&#8222;Diecezjalny Konkurs Misyjny&#8221; &#8212; III Liceum Og\u00f3lnokszta\u0142c\u0105ce im. Miko\u0142aja Kopernika\" data-secret=\"44KperCCLg\" frameborder=\"0\" marginwidth=\"0\" marginheight=\"0\" scrolling=\"no\" class=\"wp-embedded-content\"><\/iframe><script>\n\/*! This file is auto-generated *\/\n!function(d,l){\"use strict\";l.querySelector&&d.addEventListener&&\"undefined\"!=typeof URL&&(d.wp=d.wp||{},d.wp.receiveEmbedMessage||(d.wp.receiveEmbedMessage=function(e){var t=e.data;if((t||t.secret||t.message||t.value)&&!\/[^a-zA-Z0-9]\/.test(t.secret)){for(var s,r,n,a=l.querySelectorAll('iframe[data-secret=\"'+t.secret+'\"]'),o=l.querySelectorAll('blockquote[data-secret=\"'+t.secret+'\"]'),c=new RegExp(\"^https?:$\",\"i\"),i=0;i<o.length;i++)o[i].style.display=\"none\";for(i=0;i<a.length;i++)s=a[i],e.source===s.contentWindow&&(s.removeAttribute(\"style\"),\"height\"===t.message?(1e3<(r=parseInt(t.value,10))?r=1e3:~~r<200&&(r=200),s.height=r):\"link\"===t.message&&(r=new URL(s.getAttribute(\"src\")),n=new URL(t.value),c.test(n.protocol))&&n.host===r.host&&l.activeElement===s&&(d.top.location.href=t.value))}},d.addEventListener(\"message\",d.wp.receiveEmbedMessage,!1),l.addEventListener(\"DOMContentLoaded\",function(){for(var e,t,s=l.querySelectorAll(\"iframe.wp-embedded-content\"),r=0;r<s.length;r++)(t=(e=s[r]).getAttribute(\"data-secret\"))||(t=Math.random().toString(36).substring(2,12),e.src+=\"#?secret=\"+t,e.setAttribute(\"data-secret\",t)),e.contentWindow.postMessage({message:\"ready\",secret:t},\"*\")},!1)))}(window,document);\n\/\/# sourceURL=https:\/\/www.3lo.walbrzych.pl\/wordpress\/wp-includes\/js\/wp-embed.min.js\n<\/script>\n","thumbnail_url":"https:\/\/www.3lo.walbrzych.pl\/wordpress\/wp-content\/uploads\/2019\/03\/received_397365374434368.jpeg","thumbnail_width":3024,"thumbnail_height":4032,"description":"Dnia 12 marca 2019 roku, w auli \u015awidnickiej Kurii Biskupiej odby\u0142 si\u0119 VI Diecezjalny Konkurs Misyjny pod has\u0142em \u201dOjciec tr\u0119dowatych \u2013 o. Marian \u017belazek werbista\u201d. Jego celem by\u0142o kszta\u0142towanie postawy \u015bwiadka wiary na przyk\u0142adzie niestrudzonego misjonarza o. Mariana \u017belazka, kt\u00f3ry sp\u0119dzi\u0142 ponad 50 lat w Indiach, s\u0142u\u017c\u0105c tr\u0119dowatym. By\u0142 te\u017c wi\u0119\u017aniem\u00a0oboz\u00f3w koncentracyjnych KL Dachau i [&hellip;]"}