{"version":"1.0","provider_name":"III Liceum Og\u00f3lnokszta\u0142c\u0105ce im. Miko\u0142aja Kopernika","provider_url":"https:\/\/www.3lo.walbrzych.pl\/wordpress","author_name":"Tomasz Smejlis","author_url":"https:\/\/www.3lo.walbrzych.pl\/wordpress\/author\/tfox\/","title":"Otwarcie sezonu w Szaniawskx - III Liceum Og\u00f3lnokszta\u0142c\u0105ce im. Miko\u0142aja Kopernika","type":"rich","width":600,"height":338,"html":"<blockquote class=\"wp-embedded-content\" data-secret=\"zFlHtLz7kG\"><a href=\"https:\/\/www.3lo.walbrzych.pl\/wordpress\/otwarcie-sezonu-w-szaniawskx\/\">Otwarcie sezonu w Szaniawskx<\/a><\/blockquote><iframe sandbox=\"allow-scripts\" security=\"restricted\" src=\"https:\/\/www.3lo.walbrzych.pl\/wordpress\/otwarcie-sezonu-w-szaniawskx\/embed\/#?secret=zFlHtLz7kG\" width=\"600\" height=\"338\" title=\"&#8222;Otwarcie sezonu w Szaniawskx&#8221; &#8212; III Liceum Og\u00f3lnokszta\u0142c\u0105ce im. Miko\u0142aja Kopernika\" data-secret=\"zFlHtLz7kG\" frameborder=\"0\" marginwidth=\"0\" marginheight=\"0\" scrolling=\"no\" class=\"wp-embedded-content\"><\/iframe><script>\n\/*! This file is auto-generated *\/\n!function(d,l){\"use strict\";l.querySelector&&d.addEventListener&&\"undefined\"!=typeof URL&&(d.wp=d.wp||{},d.wp.receiveEmbedMessage||(d.wp.receiveEmbedMessage=function(e){var t=e.data;if((t||t.secret||t.message||t.value)&&!\/[^a-zA-Z0-9]\/.test(t.secret)){for(var s,r,n,a=l.querySelectorAll('iframe[data-secret=\"'+t.secret+'\"]'),o=l.querySelectorAll('blockquote[data-secret=\"'+t.secret+'\"]'),c=new RegExp(\"^https?:$\",\"i\"),i=0;i<o.length;i++)o[i].style.display=\"none\";for(i=0;i<a.length;i++)s=a[i],e.source===s.contentWindow&&(s.removeAttribute(\"style\"),\"height\"===t.message?(1e3<(r=parseInt(t.value,10))?r=1e3:~~r<200&&(r=200),s.height=r):\"link\"===t.message&&(r=new URL(s.getAttribute(\"src\")),n=new URL(t.value),c.test(n.protocol))&&n.host===r.host&&l.activeElement===s&&(d.top.location.href=t.value))}},d.addEventListener(\"message\",d.wp.receiveEmbedMessage,!1),l.addEventListener(\"DOMContentLoaded\",function(){for(var e,t,s=l.querySelectorAll(\"iframe.wp-embedded-content\"),r=0;r<s.length;r++)(t=(e=s[r]).getAttribute(\"data-secret\"))||(t=Math.random().toString(36).substring(2,12),e.src+=\"#?secret=\"+t,e.setAttribute(\"data-secret\",t)),e.contentWindow.postMessage({message:\"ready\",secret:t},\"*\")},!1)))}(window,document);\n\/\/# sourceURL=https:\/\/www.3lo.walbrzych.pl\/wordpress\/wp-includes\/js\/wp-embed.min.js\n<\/script>\n","thumbnail_url":"https:\/\/www.3lo.walbrzych.pl\/wordpress\/wp-content\/uploads\/2025\/09\/IMG-2328.jpeg","thumbnail_width":2000,"thumbnail_height":1500,"description":"Bardzo si\u0119 cieszymy, \u017ce w pi\u0105tek rozpocz\u0119li\u015bmy nowy sezon w Teatrze Dramatycznym SzaniawskiX! Okazuje si\u0119, \u017ce w nieca\u0142e dwie godziny mo\u017cna prze\u017cy\u0107 kilkadziesi\u0105t (albo nawet kilkaset) lat naszej Wa\u0142brzyskiej historii. Jest ona spektakularna &#8211; bez w\u0105tpienia. I mo\u017cna oczywi\u015bcie przeczyta\u0107 tomy podr\u0119cznik\u00f3w, przewodnik\u00f3w, opracowa\u0144, ale mo\u017cna te\u017c zobaczy\u0107 spektakl ,,Sceny z \u017cycia pobo\u017cnych mieszka\u0144c\u00f3w Waldenburga\u201d. [&hellip;]"}