{"version":"1.0","provider_name":"III Liceum Og\u00f3lnokszta\u0142c\u0105ce im. Miko\u0142aja Kopernika","provider_url":"https:\/\/www.3lo.walbrzych.pl\/wordpress","author_name":"Tomasz Smejlis","author_url":"https:\/\/www.3lo.walbrzych.pl\/wordpress\/author\/tfox\/","title":"Pielgrzymka do Cz\u0119stochowy - III Liceum Og\u00f3lnokszta\u0142c\u0105ce im. Miko\u0142aja Kopernika","type":"rich","width":600,"height":338,"html":"<blockquote class=\"wp-embedded-content\" data-secret=\"S5bqHoRJQc\"><a href=\"https:\/\/www.3lo.walbrzych.pl\/wordpress\/pielgrzymka-do-czestochowy\/\">Pielgrzymka do Cz\u0119stochowy<\/a><\/blockquote><iframe sandbox=\"allow-scripts\" security=\"restricted\" src=\"https:\/\/www.3lo.walbrzych.pl\/wordpress\/pielgrzymka-do-czestochowy\/embed\/#?secret=S5bqHoRJQc\" width=\"600\" height=\"338\" title=\"&#8222;Pielgrzymka do Cz\u0119stochowy&#8221; &#8212; III Liceum Og\u00f3lnokszta\u0142c\u0105ce im. Miko\u0142aja Kopernika\" data-secret=\"S5bqHoRJQc\" frameborder=\"0\" marginwidth=\"0\" marginheight=\"0\" scrolling=\"no\" class=\"wp-embedded-content\"><\/iframe><script>\n\/*! This file is auto-generated *\/\n!function(d,l){\"use strict\";l.querySelector&&d.addEventListener&&\"undefined\"!=typeof URL&&(d.wp=d.wp||{},d.wp.receiveEmbedMessage||(d.wp.receiveEmbedMessage=function(e){var t=e.data;if((t||t.secret||t.message||t.value)&&!\/[^a-zA-Z0-9]\/.test(t.secret)){for(var s,r,n,a=l.querySelectorAll('iframe[data-secret=\"'+t.secret+'\"]'),o=l.querySelectorAll('blockquote[data-secret=\"'+t.secret+'\"]'),c=new RegExp(\"^https?:$\",\"i\"),i=0;i<o.length;i++)o[i].style.display=\"none\";for(i=0;i<a.length;i++)s=a[i],e.source===s.contentWindow&&(s.removeAttribute(\"style\"),\"height\"===t.message?(1e3<(r=parseInt(t.value,10))?r=1e3:~~r<200&&(r=200),s.height=r):\"link\"===t.message&&(r=new URL(s.getAttribute(\"src\")),n=new URL(t.value),c.test(n.protocol))&&n.host===r.host&&l.activeElement===s&&(d.top.location.href=t.value))}},d.addEventListener(\"message\",d.wp.receiveEmbedMessage,!1),l.addEventListener(\"DOMContentLoaded\",function(){for(var e,t,s=l.querySelectorAll(\"iframe.wp-embedded-content\"),r=0;r<s.length;r++)(t=(e=s[r]).getAttribute(\"data-secret\"))||(t=Math.random().toString(36).substring(2,12),e.src+=\"#?secret=\"+t,e.setAttribute(\"data-secret\",t)),e.contentWindow.postMessage({message:\"ready\",secret:t},\"*\")},!1)))}(window,document);\n\/\/# sourceURL=https:\/\/www.3lo.walbrzych.pl\/wordpress\/wp-includes\/js\/wp-embed.min.js\n<\/script>\n","thumbnail_url":"https:\/\/www.3lo.walbrzych.pl\/wordpress\/wp-content\/uploads\/2019\/03\/681807_a5VL_zystC3B3w20Jasna20GC3B3ra_88_98.jpg","thumbnail_width":750,"thumbnail_height":500,"description":"Rankiem 15 marca uczniowie naszej szko\u0142y pod opiek\u0105 p. Beaty Wasiek, p. Anety Boczkowskiej, p. Beaty Bartusik oraz p. Micha\u0142a Cetery udali si\u0119 na XV Diecezjaln\u0105 Pielgrzymk\u0119 Maturzyst\u00f3w na Jasn\u0105 G\u00f3r\u0119. M\u0142odzi uczestniczyli w Eucharystii sprawowanej pod przewodnictwem biskupa Ignacego Deca, po kt\u00f3rej dokonali aktu zawierzenia swojego \u017cycia Matce Bo\u017cej. W sali o. A. Kordeckiego [&hellip;]"}