{"version":"1.0","provider_name":"III Liceum Og\u00f3lnokszta\u0142c\u0105ce im. Miko\u0142aja Kopernika","provider_url":"https:\/\/www.3lo.walbrzych.pl\/wordpress","author_name":"Micha\u0142 Cetera","author_url":"https:\/\/www.3lo.walbrzych.pl\/wordpress\/author\/mcetera\/","title":"Spotkanie z Minister Edukacji - III Liceum Og\u00f3lnokszta\u0142c\u0105ce im. Miko\u0142aja Kopernika","type":"rich","width":600,"height":338,"html":"<blockquote class=\"wp-embedded-content\" data-secret=\"2yscZ8oq3z\"><a href=\"https:\/\/www.3lo.walbrzych.pl\/wordpress\/spotkanie-z-minister-edukacji\/\">Spotkanie z Minister Edukacji<\/a><\/blockquote><iframe sandbox=\"allow-scripts\" security=\"restricted\" src=\"https:\/\/www.3lo.walbrzych.pl\/wordpress\/spotkanie-z-minister-edukacji\/embed\/#?secret=2yscZ8oq3z\" width=\"600\" height=\"338\" title=\"&#8222;Spotkanie z Minister Edukacji&#8221; &#8212; III Liceum Og\u00f3lnokszta\u0142c\u0105ce im. Miko\u0142aja Kopernika\" data-secret=\"2yscZ8oq3z\" frameborder=\"0\" marginwidth=\"0\" marginheight=\"0\" scrolling=\"no\" class=\"wp-embedded-content\"><\/iframe><script>\n\/*! This file is auto-generated *\/\n!function(d,l){\"use strict\";l.querySelector&&d.addEventListener&&\"undefined\"!=typeof URL&&(d.wp=d.wp||{},d.wp.receiveEmbedMessage||(d.wp.receiveEmbedMessage=function(e){var t=e.data;if((t||t.secret||t.message||t.value)&&!\/[^a-zA-Z0-9]\/.test(t.secret)){for(var s,r,n,a=l.querySelectorAll('iframe[data-secret=\"'+t.secret+'\"]'),o=l.querySelectorAll('blockquote[data-secret=\"'+t.secret+'\"]'),c=new RegExp(\"^https?:$\",\"i\"),i=0;i<o.length;i++)o[i].style.display=\"none\";for(i=0;i<a.length;i++)s=a[i],e.source===s.contentWindow&&(s.removeAttribute(\"style\"),\"height\"===t.message?(1e3<(r=parseInt(t.value,10))?r=1e3:~~r<200&&(r=200),s.height=r):\"link\"===t.message&&(r=new URL(s.getAttribute(\"src\")),n=new URL(t.value),c.test(n.protocol))&&n.host===r.host&&l.activeElement===s&&(d.top.location.href=t.value))}},d.addEventListener(\"message\",d.wp.receiveEmbedMessage,!1),l.addEventListener(\"DOMContentLoaded\",function(){for(var e,t,s=l.querySelectorAll(\"iframe.wp-embedded-content\"),r=0;r<s.length;r++)(t=(e=s[r]).getAttribute(\"data-secret\"))||(t=Math.random().toString(36).substring(2,12),e.src+=\"#?secret=\"+t,e.setAttribute(\"data-secret\",t)),e.contentWindow.postMessage({message:\"ready\",secret:t},\"*\")},!1)))}(window,document);\n\/\/# sourceURL=https:\/\/www.3lo.walbrzych.pl\/wordpress\/wp-includes\/js\/wp-embed.min.js\n<\/script>\n","thumbnail_url":"https:\/\/www.3lo.walbrzych.pl\/wordpress\/wp-content\/uploads\/2024\/03\/434061171_941093774683784_5088632357080389278_n.jpg","thumbnail_width":2048,"thumbnail_height":1536,"description":"W poniedzia\u0142ek, 18 marca nasi uczniowie: Milena S\u0105del, Karol Madali\u0144ski, Piotr Olszewski (4a), Eril Rabiega, Tatiana Grudzi\u0144ska, Aleksandra Babik (2c) oraz nasz Samorz\u0105d Uczniowski czyli Aleksandra Arciszewska, Martyna Wierzbicka (3c), Rados\u0142aw Malinowski oraz \u0141ukasz Masternak (3e) razem z m\u0142odzie\u017c\u0105 innych lice\u00f3w wzi\u0119li udzia\u0142 w spotkaniu w Starej Kopalni pod nazw\u0105 &#8221; Nie czekajmy zmieniajmy edukacj\u0119&#8221;. [&hellip;]"}