{"version":"1.0","provider_name":"III Liceum Og\u00f3lnokszta\u0142c\u0105ce im. Miko\u0142aja Kopernika","provider_url":"https:\/\/www.3lo.walbrzych.pl\/wordpress","author_name":"Tomasz Smejlis","author_url":"https:\/\/www.3lo.walbrzych.pl\/wordpress\/author\/tfox\/","title":"Zebrania z rodzicami i wa\u017cne terminy w roku szkolnym - III Liceum Og\u00f3lnokszta\u0142c\u0105ce im. Miko\u0142aja Kopernika","type":"rich","width":600,"height":338,"html":"<blockquote class=\"wp-embedded-content\" data-secret=\"8XeeY2OWZ3\"><a href=\"https:\/\/www.3lo.walbrzych.pl\/wordpress\/zebrania-z-rodzicami\/\">Zebrania z rodzicami i wa\u017cne terminy w roku szkolnym<\/a><\/blockquote><iframe sandbox=\"allow-scripts\" security=\"restricted\" src=\"https:\/\/www.3lo.walbrzych.pl\/wordpress\/zebrania-z-rodzicami\/embed\/#?secret=8XeeY2OWZ3\" width=\"600\" height=\"338\" title=\"&#8222;Zebrania z rodzicami i wa\u017cne terminy w roku szkolnym&#8221; &#8212; III Liceum Og\u00f3lnokszta\u0142c\u0105ce im. Miko\u0142aja Kopernika\" data-secret=\"8XeeY2OWZ3\" frameborder=\"0\" marginwidth=\"0\" marginheight=\"0\" scrolling=\"no\" class=\"wp-embedded-content\"><\/iframe><script>\n\/*! This file is auto-generated *\/\n!function(d,l){\"use strict\";l.querySelector&&d.addEventListener&&\"undefined\"!=typeof URL&&(d.wp=d.wp||{},d.wp.receiveEmbedMessage||(d.wp.receiveEmbedMessage=function(e){var t=e.data;if((t||t.secret||t.message||t.value)&&!\/[^a-zA-Z0-9]\/.test(t.secret)){for(var s,r,n,a=l.querySelectorAll('iframe[data-secret=\"'+t.secret+'\"]'),o=l.querySelectorAll('blockquote[data-secret=\"'+t.secret+'\"]'),c=new RegExp(\"^https?:$\",\"i\"),i=0;i<o.length;i++)o[i].style.display=\"none\";for(i=0;i<a.length;i++)s=a[i],e.source===s.contentWindow&&(s.removeAttribute(\"style\"),\"height\"===t.message?(1e3<(r=parseInt(t.value,10))?r=1e3:~~r<200&&(r=200),s.height=r):\"link\"===t.message&&(r=new URL(s.getAttribute(\"src\")),n=new URL(t.value),c.test(n.protocol))&&n.host===r.host&&l.activeElement===s&&(d.top.location.href=t.value))}},d.addEventListener(\"message\",d.wp.receiveEmbedMessage,!1),l.addEventListener(\"DOMContentLoaded\",function(){for(var e,t,s=l.querySelectorAll(\"iframe.wp-embedded-content\"),r=0;r<s.length;r++)(t=(e=s[r]).getAttribute(\"data-secret\"))||(t=Math.random().toString(36).substring(2,12),e.src+=\"#?secret=\"+t,e.setAttribute(\"data-secret\",t)),e.contentWindow.postMessage({message:\"ready\",secret:t},\"*\")},!1)))}(window,document);\n\/\/# sourceURL=https:\/\/www.3lo.walbrzych.pl\/wordpress\/wp-includes\/js\/wp-embed.min.js\n<\/script>\n","description":"1. Zebranie informacyjne z rodzicami uczni\u00f3w wszystkich klas 03.09.2026r. czwartek, godz.17.00- wszyscy 16.30-spotkanie z dyrektorem, Gabinetem, Wychowawcami, na sali gimnastycznej -rodzice uczni\u00f3w klas pierwszych 2. Zebranie z rodzicami dot. Osi\u0105gni\u0119\u0107 uczni\u00f3w 06.11.2026r. czwartek Godz. 17.00 3. Konsultacje dla rodzic\u00f3w &#8211; informacja o zagro\u017ceniach ocen\u0105 niedostateczna na semestr 17.12.2026r. czwartek Od godziny 16.30-18.00 4. Zebranie z [&hellip;]"}