{"id":105,"date":"2015-08-11T18:21:47","date_gmt":"2015-08-11T16:21:47","guid":{"rendered":"http:\/\/www.3lo.walbrzych.pl\/wordpress\/?page_id=105"},"modified":"2026-09-03T16:12:37","modified_gmt":"2026-09-03T14:12:37","slug":"gabinet-psychologa-i-pedagoga","status":"publish","type":"page","link":"https:\/\/www.3lo.walbrzych.pl\/wordpress\/gabinet-psychologa-i-pedagoga\/","title":{"rendered":"Gabinet Psychologa i Pedagoga"},"content":{"rendered":"\n<p class=\"wp-block-paragraph\"><strong>GODZINY PRACY GABINETU PSYCHOLOGICZNO-PEDAGOGICZNEGO&nbsp;<\/strong><strong>III LICEUM OG\u00d3LNOKSZTA\u0141C\u0104CEGO W WA\u0141BRZYCHU<\/strong><strong>&nbsp;<\/strong><\/p>\n\n\n\n<p class=\"wp-block-paragraph\"><strong>PSYCHOLOG <\/strong><br><strong>mgr Katarzyna Danych<\/strong><br><strong>mgr Joanna Zawisza-Smejlis<\/strong><\/p>\n\n\n\n<p class=\"wp-block-paragraph\"><strong>PEDAGOG <\/strong><br><strong>mgr Justyna Boczo\u0144<\/strong><br><strong>mgr El\u017cbieta Frankiewicz<\/strong><br><strong>mgr Artur Sta\u015bkiewicz<\/strong><\/p>\n\n\n\n<p class=\"wp-block-paragraph\"><strong>NAUCZYCIEL WSP\u00d3\u0141ORGANIZUJ\u0104CY<\/strong><br><strong>mgr Joanna Gaik<\/strong><br><strong>mgr Artur Sta\u015bkiewicz<\/strong><br><strong>mgr Sylwia Stefaniuk<\/strong><br><strong>mgr Joanna Ulewicz<\/strong><br><strong>mgr Anna Walczyk<\/strong><br><strong>mgr Joanna Zawisza-Smejlis<\/strong><\/p>\n\n\n\n<p class=\"wp-block-paragraph\">S\u0105 tylko sytuacje rozwi\u0105zywalne. Nie my\u015bl o problemach, bo nie ma problem\u00f3w.<\/p>\n\n\n\n<p class=\"wp-block-paragraph\">Drogi Uczniu,<\/p>\n\n\n\n<p class=\"wp-block-paragraph\">zwr\u00f3\u0107 si\u0119 do pedagoga lub psychologa szkolnego gdy:<br>Czujesz, \u017ce nikt Ci\u0119 nie rozumie, jeste\u015b samotny<br>Nie potrafisz porozumie\u0107 si\u0119 z nauczycielem<br>Masz problemy rodzinne, znajdujesz si\u0119 w trudnej sytuacji materialnej<br>Masz problem i nie wiesz jak go rozwi\u0105za\u0107<br>Chcesz podzieli\u0107 si\u0119 swoj\u0105 rado\u015bci\u0105, sukcesem<br>Chcia\u0142by\u015b z kim\u015b porozmawia\u0107<br>Chcia\u0142by\u015b pom\u00f3c innym, nie wiesz w jaki spos\u00f3b<br>Masz ciekawe pomys\u0142y, kt\u00f3rymi chcesz si\u0119 podzieli\u0107<br>Przyjd\u017a tak\u017ce z ka\u017cd\u0105 spraw\u0105, z kt\u00f3r\u0105 sam nie potrafisz sobie poradzi\u0107 \ud83d\ude42<br>Mo\u017cesz r\u00f3wnie\u017c napisa\u0107 do nas:<br>pedagog.3lo@op.pl \u2013 pedagog<br>psycholog.3lo@op.pl &#8211; psycholog<\/p>\n\n\n\n<p class=\"wp-block-paragraph\">Drogi Rodzicu,<\/p>\n\n\n\n<p class=\"wp-block-paragraph\">zwr\u00f3\u0107 si\u0119 do pedagoga lub psychologa szkolnego gdy:<br>niepokoi Ci\u0119 zachowanie dziecka<br>chcesz porozmawia\u0107 o dziecku i Twoich relacjach z nim<br>masz pytania dotycz\u0105ce wynik\u00f3w w nauce dziecka i jego funkcjonowania w szkole<br>potrzebujesz wsparcia w procesie wychowania<br>masz pytania i nie wiesz do kogo si\u0119 z nimi zwr\u00f3ci\u0107<br>szukasz pomocy<strong>&nbsp;<\/strong><\/p>\n\n\n\n<p class=\"wp-block-paragraph\"><\/p>\n\n\n\n<p class=\"wp-block-paragraph\"><\/p>\n\n\n\n<p class=\"wp-block-paragraph\"><\/p>\n\n\n\n<p class=\"wp-block-paragraph\"><strong>GODZINY PRACY GABINET\u00d3W<\/strong><\/p>\n","protected":false},"excerpt":{"rendered":"<p>GODZINY PRACY GABINETU PSYCHOLOGICZNO-PEDAGOGICZNEGO&nbsp;III LICEUM OG\u00d3LNOKSZTA\u0141C\u0104CEGO W WA\u0141BRZYCHU&nbsp; PSYCHOLOG mgr Katarzyna Danychmgr Joanna Zawisza-Smejlis PEDAGOG mgr Justyna Boczo\u0144mgr El\u017cbieta Frankiewiczmgr Artur Sta\u015bkiewicz NAUCZYCIEL WSP\u00d3\u0141ORGANIZUJ\u0104CYmgr Joanna Gaikmgr Artur Sta\u015bkiewiczmgr Sylwia Stefaniukmgr Joanna Ulewiczmgr Anna Walczykmgr Joanna Zawisza-Smejlis S\u0105 tylko sytuacje rozwi\u0105zywalne. Nie my\u015bl o problemach, bo nie ma problem\u00f3w. Drogi Uczniu, zwr\u00f3\u0107 si\u0119 do pedagoga lub [&hellip;]<\/p>\n","protected":false},"author":1,"featured_media":0,"parent":0,"menu_order":0,"comment_status":"open","ping_status":"open","template":"","meta":{"footnotes":""},"class_list":["post-105","page","type-page","status-publish","hentry"],"yoast_head":"<!-- This site is optimized with the Yoast SEO plugin v28.4 - https:\/\/yoast.com\/product\/yoast-seo-wordpress\/ -->\n<title>Gabinet Psychologa i Pedagoga - III Liceum Og\u00f3lnokszta\u0142c\u0105ce im. Miko\u0142aja Kopernika<\/title>\n<meta name=\"robots\" content=\"index, follow, max-snippet:-1, max-image-preview:large, max-video-preview:-1\" \/>\n<link rel=\"canonical\" href=\"https:\/\/www.3lo.walbrzych.pl\/wordpress\/gabinet-psychologa-i-pedagoga\/\" \/>\n<meta property=\"og:locale\" content=\"pl_PL\" \/>\n<meta property=\"og:type\" content=\"article\" \/>\n<meta property=\"og:title\" content=\"Gabinet Psychologa i Pedagoga - III Liceum Og\u00f3lnokszta\u0142c\u0105ce im. Miko\u0142aja Kopernika\" \/>\n<meta property=\"og:description\" content=\"GODZINY PRACY GABINETU PSYCHOLOGICZNO-PEDAGOGICZNEGO&nbsp;III LICEUM OG\u00d3LNOKSZTA\u0141C\u0104CEGO W WA\u0141BRZYCHU&nbsp; PSYCHOLOG mgr Katarzyna Danychmgr Joanna Zawisza-Smejlis PEDAGOG mgr Justyna Boczo\u0144mgr El\u017cbieta Frankiewiczmgr Artur Sta\u015bkiewicz NAUCZYCIEL WSP\u00d3\u0141ORGANIZUJ\u0104CYmgr Joanna Gaikmgr Artur Sta\u015bkiewiczmgr Sylwia Stefaniukmgr Joanna Ulewiczmgr Anna Walczykmgr Joanna Zawisza-Smejlis S\u0105 tylko sytuacje rozwi\u0105zywalne. Nie my\u015bl o problemach, bo nie ma problem\u00f3w. Drogi Uczniu, zwr\u00f3\u0107 si\u0119 do pedagoga lub [&hellip;]\" \/>\n<meta property=\"og:url\" content=\"https:\/\/www.3lo.walbrzych.pl\/wordpress\/gabinet-psychologa-i-pedagoga\/\" \/>\n<meta property=\"og:site_name\" content=\"III Liceum Og\u00f3lnokszta\u0142c\u0105ce im. Miko\u0142aja Kopernika\" \/>\n<meta property=\"article:modified_time\" content=\"2026-09-03T14:12:37+00:00\" \/>\n<meta name=\"twitter:card\" content=\"summary_large_image\" \/>\n<meta name=\"twitter:label1\" content=\"Szacowany czas czytania\" \/>\n\t<meta name=\"twitter:data1\" content=\"2 minuty\" \/>\n<script type=\"application\/ld+json\" class=\"yoast-schema-graph\">{\"@context\":\"https:\\\/\\\/schema.org\",\"@graph\":[{\"@type\":\"WebPage\",\"@id\":\"https:\\\/\\\/www.3lo.walbrzych.pl\\\/wordpress\\\/gabinet-psychologa-i-pedagoga\\\/\",\"url\":\"https:\\\/\\\/www.3lo.walbrzych.pl\\\/wordpress\\\/gabinet-psychologa-i-pedagoga\\\/\",\"name\":\"Gabinet Psychologa i Pedagoga - III Liceum Og\u00f3lnokszta\u0142c\u0105ce im. Miko\u0142aja Kopernika\",\"isPartOf\":{\"@id\":\"https:\\\/\\\/www.3lo.walbrzych.pl\\\/wordpress\\\/#website\"},\"datePublished\":\"2015-08-11T16:21:47+00:00\",\"dateModified\":\"2026-09-03T14:12:37+00:00\",\"breadcrumb\":{\"@id\":\"https:\\\/\\\/www.3lo.walbrzych.pl\\\/wordpress\\\/gabinet-psychologa-i-pedagoga\\\/#breadcrumb\"},\"inLanguage\":\"pl-PL\",\"potentialAction\":[{\"@type\":\"ReadAction\",\"target\":[\"https:\\\/\\\/www.3lo.walbrzych.pl\\\/wordpress\\\/gabinet-psychologa-i-pedagoga\\\/\"]}]},{\"@type\":\"BreadcrumbList\",\"@id\":\"https:\\\/\\\/www.3lo.walbrzych.pl\\\/wordpress\\\/gabinet-psychologa-i-pedagoga\\\/#breadcrumb\",\"itemListElement\":[{\"@type\":\"ListItem\",\"position\":1,\"name\":\"Strona g\u0142\u00f3wna\",\"item\":\"https:\\\/\\\/www.3lo.walbrzych.pl\\\/wordpress\\\/\"},{\"@type\":\"ListItem\",\"position\":2,\"name\":\"Gabinet Psychologa i Pedagoga\"}]},{\"@type\":\"WebSite\",\"@id\":\"https:\\\/\\\/www.3lo.walbrzych.pl\\\/wordpress\\\/#website\",\"url\":\"https:\\\/\\\/www.3lo.walbrzych.pl\\\/wordpress\\\/\",\"name\":\"III Liceum Og\u00f3lnokszta\u0142c\u0105ce im. Miko\u0142aja Kopernika\",\"description\":\"\",\"publisher\":{\"@id\":\"https:\\\/\\\/www.3lo.walbrzych.pl\\\/wordpress\\\/#organization\"},\"potentialAction\":[{\"@type\":\"SearchAction\",\"target\":{\"@type\":\"EntryPoint\",\"urlTemplate\":\"https:\\\/\\\/www.3lo.walbrzych.pl\\\/wordpress\\\/?s={search_term_string}\"},\"query-input\":{\"@type\":\"PropertyValueSpecification\",\"valueRequired\":true,\"valueName\":\"search_term_string\"}}],\"inLanguage\":\"pl-PL\"},{\"@type\":\"Organization\",\"@id\":\"https:\\\/\\\/www.3lo.walbrzych.pl\\\/wordpress\\\/#organization\",\"name\":\"III Liceum Og\u00f3lnokszta\u0142c\u0105ce im. Miko\u0142aja Kopernika\",\"url\":\"https:\\\/\\\/www.3lo.walbrzych.pl\\\/wordpress\\\/\",\"logo\":{\"@type\":\"ImageObject\",\"inLanguage\":\"pl-PL\",\"@id\":\"https:\\\/\\\/www.3lo.walbrzych.pl\\\/wordpress\\\/#\\\/schema\\\/logo\\\/image\\\/\",\"url\":\"https:\\\/\\\/www.3lo.walbrzych.pl\\\/wordpress\\\/wp-content\\\/uploads\\\/2025\\\/09\\\/logo-szkoly-scaled.jpg\",\"contentUrl\":\"https:\\\/\\\/www.3lo.walbrzych.pl\\\/wordpress\\\/wp-content\\\/uploads\\\/2025\\\/09\\\/logo-szkoly-scaled.jpg\",\"width\":2560,\"height\":914,\"caption\":\"III Liceum Og\u00f3lnokszta\u0142c\u0105ce im. Miko\u0142aja Kopernika\"},\"image\":{\"@id\":\"https:\\\/\\\/www.3lo.walbrzych.pl\\\/wordpress\\\/#\\\/schema\\\/logo\\\/image\\\/\"}}]}<\/script>\n<!-- \/ Yoast SEO plugin. -->","yoast_head_json":{"title":"Gabinet Psychologa i Pedagoga - III Liceum Og\u00f3lnokszta\u0142c\u0105ce im. Miko\u0142aja Kopernika","robots":{"index":"index","follow":"follow","max-snippet":"max-snippet:-1","max-image-preview":"max-image-preview:large","max-video-preview":"max-video-preview:-1"},"canonical":"https:\/\/www.3lo.walbrzych.pl\/wordpress\/gabinet-psychologa-i-pedagoga\/","og_locale":"pl_PL","og_type":"article","og_title":"Gabinet Psychologa i Pedagoga - III Liceum Og\u00f3lnokszta\u0142c\u0105ce im. Miko\u0142aja Kopernika","og_description":"GODZINY PRACY GABINETU PSYCHOLOGICZNO-PEDAGOGICZNEGO&nbsp;III LICEUM OG\u00d3LNOKSZTA\u0141C\u0104CEGO W WA\u0141BRZYCHU&nbsp; PSYCHOLOG mgr Katarzyna Danychmgr Joanna Zawisza-Smejlis PEDAGOG mgr Justyna Boczo\u0144mgr El\u017cbieta Frankiewiczmgr Artur Sta\u015bkiewicz NAUCZYCIEL WSP\u00d3\u0141ORGANIZUJ\u0104CYmgr Joanna Gaikmgr Artur Sta\u015bkiewiczmgr Sylwia Stefaniukmgr Joanna Ulewiczmgr Anna Walczykmgr Joanna Zawisza-Smejlis S\u0105 tylko sytuacje rozwi\u0105zywalne. Nie my\u015bl o problemach, bo nie ma problem\u00f3w. Drogi Uczniu, zwr\u00f3\u0107 si\u0119 do pedagoga lub [&hellip;]","og_url":"https:\/\/www.3lo.walbrzych.pl\/wordpress\/gabinet-psychologa-i-pedagoga\/","og_site_name":"III Liceum Og\u00f3lnokszta\u0142c\u0105ce im. Miko\u0142aja Kopernika","article_modified_time":"2026-09-03T14:12:37+00:00","twitter_card":"summary_large_image","twitter_misc":{"Szacowany czas czytania":"2 minuty"},"schema":{"@context":"https:\/\/schema.org","@graph":[{"@type":"WebPage","@id":"https:\/\/www.3lo.walbrzych.pl\/wordpress\/gabinet-psychologa-i-pedagoga\/","url":"https:\/\/www.3lo.walbrzych.pl\/wordpress\/gabinet-psychologa-i-pedagoga\/","name":"Gabinet Psychologa i Pedagoga - III Liceum Og\u00f3lnokszta\u0142c\u0105ce im. Miko\u0142aja Kopernika","isPartOf":{"@id":"https:\/\/www.3lo.walbrzych.pl\/wordpress\/#website"},"datePublished":"2015-08-11T16:21:47+00:00","dateModified":"2026-09-03T14:12:37+00:00","breadcrumb":{"@id":"https:\/\/www.3lo.walbrzych.pl\/wordpress\/gabinet-psychologa-i-pedagoga\/#breadcrumb"},"inLanguage":"pl-PL","potentialAction":[{"@type":"ReadAction","target":["https:\/\/www.3lo.walbrzych.pl\/wordpress\/gabinet-psychologa-i-pedagoga\/"]}]},{"@type":"BreadcrumbList","@id":"https:\/\/www.3lo.walbrzych.pl\/wordpress\/gabinet-psychologa-i-pedagoga\/#breadcrumb","itemListElement":[{"@type":"ListItem","position":1,"name":"Strona g\u0142\u00f3wna","item":"https:\/\/www.3lo.walbrzych.pl\/wordpress\/"},{"@type":"ListItem","position":2,"name":"Gabinet Psychologa i Pedagoga"}]},{"@type":"WebSite","@id":"https:\/\/www.3lo.walbrzych.pl\/wordpress\/#website","url":"https:\/\/www.3lo.walbrzych.pl\/wordpress\/","name":"III Liceum Og\u00f3lnokszta\u0142c\u0105ce im. Miko\u0142aja Kopernika","description":"","publisher":{"@id":"https:\/\/www.3lo.walbrzych.pl\/wordpress\/#organization"},"potentialAction":[{"@type":"SearchAction","target":{"@type":"EntryPoint","urlTemplate":"https:\/\/www.3lo.walbrzych.pl\/wordpress\/?s={search_term_string}"},"query-input":{"@type":"PropertyValueSpecification","valueRequired":true,"valueName":"search_term_string"}}],"inLanguage":"pl-PL"},{"@type":"Organization","@id":"https:\/\/www.3lo.walbrzych.pl\/wordpress\/#organization","name":"III Liceum Og\u00f3lnokszta\u0142c\u0105ce im. Miko\u0142aja Kopernika","url":"https:\/\/www.3lo.walbrzych.pl\/wordpress\/","logo":{"@type":"ImageObject","inLanguage":"pl-PL","@id":"https:\/\/www.3lo.walbrzych.pl\/wordpress\/#\/schema\/logo\/image\/","url":"https:\/\/www.3lo.walbrzych.pl\/wordpress\/wp-content\/uploads\/2025\/09\/logo-szkoly-scaled.jpg","contentUrl":"https:\/\/www.3lo.walbrzych.pl\/wordpress\/wp-content\/uploads\/2025\/09\/logo-szkoly-scaled.jpg","width":2560,"height":914,"caption":"III Liceum Og\u00f3lnokszta\u0142c\u0105ce im. Miko\u0142aja Kopernika"},"image":{"@id":"https:\/\/www.3lo.walbrzych.pl\/wordpress\/#\/schema\/logo\/image\/"}}]}},"_links":{"self":[{"href":"https:\/\/www.3lo.walbrzych.pl\/wordpress\/wp-json\/wp\/v2\/pages\/105","targetHints":{"allow":["GET"]}}],"collection":[{"href":"https:\/\/www.3lo.walbrzych.pl\/wordpress\/wp-json\/wp\/v2\/pages"}],"about":[{"href":"https:\/\/www.3lo.walbrzych.pl\/wordpress\/wp-json\/wp\/v2\/types\/page"}],"author":[{"embeddable":true,"href":"https:\/\/www.3lo.walbrzych.pl\/wordpress\/wp-json\/wp\/v2\/users\/1"}],"replies":[{"embeddable":true,"href":"https:\/\/www.3lo.walbrzych.pl\/wordpress\/wp-json\/wp\/v2\/comments?post=105"}],"version-history":[{"count":49,"href":"https:\/\/www.3lo.walbrzych.pl\/wordpress\/wp-json\/wp\/v2\/pages\/105\/revisions"}],"predecessor-version":[{"id":8617,"href":"https:\/\/www.3lo.walbrzych.pl\/wordpress\/wp-json\/wp\/v2\/pages\/105\/revisions\/8617"}],"wp:attachment":[{"href":"https:\/\/www.3lo.walbrzych.pl\/wordpress\/wp-json\/wp\/v2\/media?parent=105"}],"curies":[{"name":"wp","href":"https:\/\/api.w.org\/{rel}","templated":true}]}}