{"id":144,"date":"2015-08-30T14:41:31","date_gmt":"2015-08-30T12:41:31","guid":{"rendered":"http:\/\/www.3lo.walbrzych.pl\/wordpress\/?page_id=144"},"modified":"2026-05-26T11:09:35","modified_gmt":"2026-05-26T09:09:35","slug":"rekrutacja","status":"publish","type":"page","link":"https:\/\/www.3lo.walbrzych.pl\/wordpress\/rekrutacja\/","title":{"rendered":"Rekrutacja"},"content":{"rendered":"\n<p class=\"wp-block-paragraph\"><em><strong>WA\u017bNE TERMINY POST\u0118POWANIA REKRUTACYJNEGO<\/strong><\/em>&nbsp;<em><strong>NA ROK SZKOLNY 2026\/2027<\/strong><\/em><\/p>\n\n\n\n<p class=\"wp-block-paragraph\"><strong>Terminy post\u0119powania rekrutacyjnego i post\u0119powania uzupe\u0142niaj\u0105cego na rok szkolny 2026\/2027<\/strong><\/p>\n\n\n\n<p class=\"wp-block-paragraph\">Wniosek o przyj\u0119cie do szko\u0142y ponadpodstawowej wraz z dokumentami b\u0119dzie mo\u017cna sk\u0142ada\u0107 w dw\u00f3ch etapach:<\/p>\n\n\n\n<p class=\"wp-block-paragraph\"><strong>od 18 maja do 22 czerwca&nbsp; 2026<\/strong>&nbsp;\u2013 termin na z\u0142o\u017cenie wniosku&nbsp;<strong>do godziny 15.00<\/strong><\/p>\n\n\n\n<p class=\"wp-block-paragraph\">LINK DO PORTALU REKRUTACYJNEGO&nbsp;<a href=\"https:\/\/ponadpodstawowe-walbrzych.nabory.pl\/\">https:\/\/ponadpodstawowe-walbrzych.nabory.pl\/<\/a><\/p>\n\n\n\n<p class=\"wp-block-paragraph\"><strong>od 3 lipca do 7 lipca 2026 do godziny 15.00&nbsp;<\/strong>\u2013 uzupe\u0142nienie wniosku o przyj\u0119cie do szko\u0142y ponadpodstawowej o \u015bwiadectwo uko\u0144czenia szko\u0142y podstawowej i o za\u015bwiadczenie o szczeg\u00f3\u0142owych wynikach egzaminu \u00f3smoklasisty. Mo\u017cliwo\u015b\u0107 zmiany przez kandydata wniosku o przyj\u0119cie do szko\u0142y lub z\u0142o\u017cenie nowego wniosku z uwagi na zmian\u0119 szk\u00f3\u0142, do kt\u00f3rych kandyduje<\/p>\n\n\n\n<p class=\"wp-block-paragraph\">W tych dniach szkolny punkt rekrutacyjny czynny jest w godzinach 8.00-14.00.&nbsp;<\/p>\n\n\n\n<p class=\"wp-block-paragraph\">Og\u0142oszenie list kandydat\u00f3w zakwalifikowanych i niezakwalifikowanych&nbsp;<strong>zostan\u0105<\/strong>&nbsp;<strong>og\u0142oszone 15 lipca&nbsp; 2026 r. o godzinie 12.00<\/strong><\/p>\n\n\n\n<p class=\"wp-block-paragraph\"><strong>Od 16 lipca&nbsp; do 21&nbsp; lipca 2026 do godziny 15.00&nbsp;<\/strong>&nbsp;potwierdzenie woli przyj\u0119cia w postaci przed\u0142o\u017cenia orygina\u0142u \u015bwiadectwa uko\u0144czenia szko\u0142y i orygina\u0142u za\u015bwiadczenia o wynikach egzaminu zewn\u0119trznego, o ile nie zosta\u0142y one z\u0142o\u017cone w uzupe\u0142nieniu wniosku o przyj\u0119cie do szko\u0142y ponadpodstawowej.<\/p>\n\n\n\n<p class=\"wp-block-paragraph\"><strong>Listy kandydat\u00f3w przyj\u0119tych i nieprzyj\u0119tych og\u0142oszone b\u0119d\u0105 22 lipca 2026 o godzinie 12.00<\/strong>.<\/p>\n\n\n\n<p class=\"wp-block-paragraph\"><strong>REGULAMIN REKRUTACJI<\/strong><\/p>\n\n\n<div class=\"wp-block-pdfemb-pdf-embedder-viewer\"><a href=\"https:\/\/www.3lo.walbrzych.pl\/wordpress\/wp-content\/uploads\/2026\/05\/ZASADY-REKRUTACJI-UCZNIOW-SZKOLY-PODSTAWOWEJ-DO-III-LICEUM-OGOLNOKSZTALCACEGO.pdf\" class=\"pdfemb-viewer\" style=\"\" data-width=\"max\" data-height=\"max\" data-toolbar=\"bottom\" data-toolbar-fixed=\"off\">ZASADY-REKRUTACJI-UCZNIOW-SZKOLY-PODSTAWOWEJ-DO-III-LICEUM-OGOLNOKSZTALCACEGO<\/a><\/div>\n\n\n<p class=\"wp-block-paragraph\"><strong>HARMONOGRAM REKRUTACJI<\/strong><\/p>\n\n\n<div class=\"wp-block-pdfemb-pdf-embedder-viewer\"><a href=\"https:\/\/www.3lo.walbrzych.pl\/wordpress\/wp-content\/uploads\/2026\/05\/harmonogram-rekrutacji.pdf\" class=\"pdfemb-viewer\" style=\"\" data-width=\"max\" data-height=\"max\" data-toolbar=\"bottom\" data-toolbar-fixed=\"off\">harmonogram-rekrutacji<\/a><\/div>\n\n\n<p class=\"wp-block-paragraph\"><\/p>\n\n\n\n<p class=\"wp-block-paragraph\"><\/p>\n\n\n\n<p class=\"wp-block-paragraph\"><\/p>\n\n\n\n<p class=\"wp-block-paragraph\"><\/p>\n\n\n\n<p class=\"wp-block-paragraph\"><\/p>\n\n\n\n<p class=\"wp-block-paragraph\"><\/p>\n\n\n\n<p class=\"wp-block-paragraph\"><\/p>\n\n\n\n<p class=\"wp-block-paragraph\"><\/p>\n\n\n\n<p class=\"wp-block-paragraph\"><\/p>\n","protected":false},"excerpt":{"rendered":"<p>WA\u017bNE TERMINY POST\u0118POWANIA REKRUTACYJNEGO&nbsp;NA ROK SZKOLNY 2026\/2027 Terminy post\u0119powania rekrutacyjnego i post\u0119powania uzupe\u0142niaj\u0105cego na rok szkolny 2026\/2027 Wniosek o przyj\u0119cie do szko\u0142y ponadpodstawowej wraz z dokumentami b\u0119dzie mo\u017cna sk\u0142ada\u0107 w dw\u00f3ch etapach: od 18 maja do 22 czerwca&nbsp; 2026&nbsp;\u2013 termin na z\u0142o\u017cenie wniosku&nbsp;do godziny 15.00 LINK DO PORTALU REKRUTACYJNEGO&nbsp;https:\/\/ponadpodstawowe-walbrzych.nabory.pl\/ od 3 lipca do 7 lipca [&hellip;]<\/p>\n","protected":false},"author":1,"featured_media":0,"parent":0,"menu_order":0,"comment_status":"open","ping_status":"open","template":"","meta":{"footnotes":""},"class_list":["post-144","page","type-page","status-publish","hentry"],"yoast_head":"<!-- This site is optimized with the Yoast SEO plugin v28.4 - https:\/\/yoast.com\/product\/yoast-seo-wordpress\/ -->\n<title>Rekrutacja - III Liceum Og\u00f3lnokszta\u0142c\u0105ce im. Miko\u0142aja Kopernika<\/title>\n<meta name=\"robots\" content=\"index, follow, max-snippet:-1, max-image-preview:large, max-video-preview:-1\" \/>\n<link rel=\"canonical\" href=\"https:\/\/www.3lo.walbrzych.pl\/wordpress\/rekrutacja\/\" \/>\n<meta property=\"og:locale\" content=\"pl_PL\" \/>\n<meta property=\"og:type\" content=\"article\" \/>\n<meta property=\"og:title\" content=\"Rekrutacja - III Liceum Og\u00f3lnokszta\u0142c\u0105ce im. Miko\u0142aja Kopernika\" \/>\n<meta property=\"og:description\" content=\"WA\u017bNE TERMINY POST\u0118POWANIA REKRUTACYJNEGO&nbsp;NA ROK SZKOLNY 2026\/2027 Terminy post\u0119powania rekrutacyjnego i post\u0119powania uzupe\u0142niaj\u0105cego na rok szkolny 2026\/2027 Wniosek o przyj\u0119cie do szko\u0142y ponadpodstawowej wraz z dokumentami b\u0119dzie mo\u017cna sk\u0142ada\u0107 w dw\u00f3ch etapach: od 18 maja do 22 czerwca&nbsp; 2026&nbsp;\u2013 termin na z\u0142o\u017cenie wniosku&nbsp;do godziny 15.00 LINK DO PORTALU REKRUTACYJNEGO&nbsp;https:\/\/ponadpodstawowe-walbrzych.nabory.pl\/ od 3 lipca do 7 lipca [&hellip;]\" \/>\n<meta property=\"og:url\" content=\"https:\/\/www.3lo.walbrzych.pl\/wordpress\/rekrutacja\/\" \/>\n<meta property=\"og:site_name\" content=\"III Liceum Og\u00f3lnokszta\u0142c\u0105ce im. Miko\u0142aja Kopernika\" \/>\n<meta property=\"article:modified_time\" content=\"2026-05-26T09:09:35+00:00\" \/>\n<meta name=\"twitter:card\" content=\"summary_large_image\" \/>\n<meta name=\"twitter:label1\" content=\"Szacowany czas czytania\" \/>\n\t<meta name=\"twitter:data1\" content=\"2 minuty\" \/>\n<script type=\"application\/ld+json\" class=\"yoast-schema-graph\">{\"@context\":\"https:\\\/\\\/schema.org\",\"@graph\":[{\"@type\":\"WebPage\",\"@id\":\"https:\\\/\\\/www.3lo.walbrzych.pl\\\/wordpress\\\/rekrutacja\\\/\",\"url\":\"https:\\\/\\\/www.3lo.walbrzych.pl\\\/wordpress\\\/rekrutacja\\\/\",\"name\":\"Rekrutacja - III Liceum Og\u00f3lnokszta\u0142c\u0105ce im. Miko\u0142aja Kopernika\",\"isPartOf\":{\"@id\":\"https:\\\/\\\/www.3lo.walbrzych.pl\\\/wordpress\\\/#website\"},\"datePublished\":\"2015-08-30T12:41:31+00:00\",\"dateModified\":\"2026-05-26T09:09:35+00:00\",\"breadcrumb\":{\"@id\":\"https:\\\/\\\/www.3lo.walbrzych.pl\\\/wordpress\\\/rekrutacja\\\/#breadcrumb\"},\"inLanguage\":\"pl-PL\",\"potentialAction\":[{\"@type\":\"ReadAction\",\"target\":[\"https:\\\/\\\/www.3lo.walbrzych.pl\\\/wordpress\\\/rekrutacja\\\/\"]}]},{\"@type\":\"BreadcrumbList\",\"@id\":\"https:\\\/\\\/www.3lo.walbrzych.pl\\\/wordpress\\\/rekrutacja\\\/#breadcrumb\",\"itemListElement\":[{\"@type\":\"ListItem\",\"position\":1,\"name\":\"Strona g\u0142\u00f3wna\",\"item\":\"https:\\\/\\\/www.3lo.walbrzych.pl\\\/wordpress\\\/\"},{\"@type\":\"ListItem\",\"position\":2,\"name\":\"Rekrutacja\"}]},{\"@type\":\"WebSite\",\"@id\":\"https:\\\/\\\/www.3lo.walbrzych.pl\\\/wordpress\\\/#website\",\"url\":\"https:\\\/\\\/www.3lo.walbrzych.pl\\\/wordpress\\\/\",\"name\":\"III Liceum Og\u00f3lnokszta\u0142c\u0105ce im. Miko\u0142aja Kopernika\",\"description\":\"\",\"publisher\":{\"@id\":\"https:\\\/\\\/www.3lo.walbrzych.pl\\\/wordpress\\\/#organization\"},\"potentialAction\":[{\"@type\":\"SearchAction\",\"target\":{\"@type\":\"EntryPoint\",\"urlTemplate\":\"https:\\\/\\\/www.3lo.walbrzych.pl\\\/wordpress\\\/?s={search_term_string}\"},\"query-input\":{\"@type\":\"PropertyValueSpecification\",\"valueRequired\":true,\"valueName\":\"search_term_string\"}}],\"inLanguage\":\"pl-PL\"},{\"@type\":\"Organization\",\"@id\":\"https:\\\/\\\/www.3lo.walbrzych.pl\\\/wordpress\\\/#organization\",\"name\":\"III Liceum Og\u00f3lnokszta\u0142c\u0105ce im. Miko\u0142aja Kopernika\",\"url\":\"https:\\\/\\\/www.3lo.walbrzych.pl\\\/wordpress\\\/\",\"logo\":{\"@type\":\"ImageObject\",\"inLanguage\":\"pl-PL\",\"@id\":\"https:\\\/\\\/www.3lo.walbrzych.pl\\\/wordpress\\\/#\\\/schema\\\/logo\\\/image\\\/\",\"url\":\"https:\\\/\\\/www.3lo.walbrzych.pl\\\/wordpress\\\/wp-content\\\/uploads\\\/2025\\\/09\\\/logo-szkoly-scaled.jpg\",\"contentUrl\":\"https:\\\/\\\/www.3lo.walbrzych.pl\\\/wordpress\\\/wp-content\\\/uploads\\\/2025\\\/09\\\/logo-szkoly-scaled.jpg\",\"width\":2560,\"height\":914,\"caption\":\"III Liceum Og\u00f3lnokszta\u0142c\u0105ce im. Miko\u0142aja Kopernika\"},\"image\":{\"@id\":\"https:\\\/\\\/www.3lo.walbrzych.pl\\\/wordpress\\\/#\\\/schema\\\/logo\\\/image\\\/\"}}]}<\/script>\n<!-- \/ Yoast SEO plugin. -->","yoast_head_json":{"title":"Rekrutacja - III Liceum Og\u00f3lnokszta\u0142c\u0105ce im. Miko\u0142aja Kopernika","robots":{"index":"index","follow":"follow","max-snippet":"max-snippet:-1","max-image-preview":"max-image-preview:large","max-video-preview":"max-video-preview:-1"},"canonical":"https:\/\/www.3lo.walbrzych.pl\/wordpress\/rekrutacja\/","og_locale":"pl_PL","og_type":"article","og_title":"Rekrutacja - III Liceum Og\u00f3lnokszta\u0142c\u0105ce im. Miko\u0142aja Kopernika","og_description":"WA\u017bNE TERMINY POST\u0118POWANIA REKRUTACYJNEGO&nbsp;NA ROK SZKOLNY 2026\/2027 Terminy post\u0119powania rekrutacyjnego i post\u0119powania uzupe\u0142niaj\u0105cego na rok szkolny 2026\/2027 Wniosek o przyj\u0119cie do szko\u0142y ponadpodstawowej wraz z dokumentami b\u0119dzie mo\u017cna sk\u0142ada\u0107 w dw\u00f3ch etapach: od 18 maja do 22 czerwca&nbsp; 2026&nbsp;\u2013 termin na z\u0142o\u017cenie wniosku&nbsp;do godziny 15.00 LINK DO PORTALU REKRUTACYJNEGO&nbsp;https:\/\/ponadpodstawowe-walbrzych.nabory.pl\/ od 3 lipca do 7 lipca [&hellip;]","og_url":"https:\/\/www.3lo.walbrzych.pl\/wordpress\/rekrutacja\/","og_site_name":"III Liceum Og\u00f3lnokszta\u0142c\u0105ce im. Miko\u0142aja Kopernika","article_modified_time":"2026-05-26T09:09:35+00:00","twitter_card":"summary_large_image","twitter_misc":{"Szacowany czas czytania":"2 minuty"},"schema":{"@context":"https:\/\/schema.org","@graph":[{"@type":"WebPage","@id":"https:\/\/www.3lo.walbrzych.pl\/wordpress\/rekrutacja\/","url":"https:\/\/www.3lo.walbrzych.pl\/wordpress\/rekrutacja\/","name":"Rekrutacja - III Liceum Og\u00f3lnokszta\u0142c\u0105ce im. Miko\u0142aja Kopernika","isPartOf":{"@id":"https:\/\/www.3lo.walbrzych.pl\/wordpress\/#website"},"datePublished":"2015-08-30T12:41:31+00:00","dateModified":"2026-05-26T09:09:35+00:00","breadcrumb":{"@id":"https:\/\/www.3lo.walbrzych.pl\/wordpress\/rekrutacja\/#breadcrumb"},"inLanguage":"pl-PL","potentialAction":[{"@type":"ReadAction","target":["https:\/\/www.3lo.walbrzych.pl\/wordpress\/rekrutacja\/"]}]},{"@type":"BreadcrumbList","@id":"https:\/\/www.3lo.walbrzych.pl\/wordpress\/rekrutacja\/#breadcrumb","itemListElement":[{"@type":"ListItem","position":1,"name":"Strona g\u0142\u00f3wna","item":"https:\/\/www.3lo.walbrzych.pl\/wordpress\/"},{"@type":"ListItem","position":2,"name":"Rekrutacja"}]},{"@type":"WebSite","@id":"https:\/\/www.3lo.walbrzych.pl\/wordpress\/#website","url":"https:\/\/www.3lo.walbrzych.pl\/wordpress\/","name":"III Liceum Og\u00f3lnokszta\u0142c\u0105ce im. Miko\u0142aja Kopernika","description":"","publisher":{"@id":"https:\/\/www.3lo.walbrzych.pl\/wordpress\/#organization"},"potentialAction":[{"@type":"SearchAction","target":{"@type":"EntryPoint","urlTemplate":"https:\/\/www.3lo.walbrzych.pl\/wordpress\/?s={search_term_string}"},"query-input":{"@type":"PropertyValueSpecification","valueRequired":true,"valueName":"search_term_string"}}],"inLanguage":"pl-PL"},{"@type":"Organization","@id":"https:\/\/www.3lo.walbrzych.pl\/wordpress\/#organization","name":"III Liceum Og\u00f3lnokszta\u0142c\u0105ce im. Miko\u0142aja Kopernika","url":"https:\/\/www.3lo.walbrzych.pl\/wordpress\/","logo":{"@type":"ImageObject","inLanguage":"pl-PL","@id":"https:\/\/www.3lo.walbrzych.pl\/wordpress\/#\/schema\/logo\/image\/","url":"https:\/\/www.3lo.walbrzych.pl\/wordpress\/wp-content\/uploads\/2025\/09\/logo-szkoly-scaled.jpg","contentUrl":"https:\/\/www.3lo.walbrzych.pl\/wordpress\/wp-content\/uploads\/2025\/09\/logo-szkoly-scaled.jpg","width":2560,"height":914,"caption":"III Liceum Og\u00f3lnokszta\u0142c\u0105ce im. Miko\u0142aja Kopernika"},"image":{"@id":"https:\/\/www.3lo.walbrzych.pl\/wordpress\/#\/schema\/logo\/image\/"}}]}},"_links":{"self":[{"href":"https:\/\/www.3lo.walbrzych.pl\/wordpress\/wp-json\/wp\/v2\/pages\/144","targetHints":{"allow":["GET"]}}],"collection":[{"href":"https:\/\/www.3lo.walbrzych.pl\/wordpress\/wp-json\/wp\/v2\/pages"}],"about":[{"href":"https:\/\/www.3lo.walbrzych.pl\/wordpress\/wp-json\/wp\/v2\/types\/page"}],"author":[{"embeddable":true,"href":"https:\/\/www.3lo.walbrzych.pl\/wordpress\/wp-json\/wp\/v2\/users\/1"}],"replies":[{"embeddable":true,"href":"https:\/\/www.3lo.walbrzych.pl\/wordpress\/wp-json\/wp\/v2\/comments?post=144"}],"version-history":[{"count":60,"href":"https:\/\/www.3lo.walbrzych.pl\/wordpress\/wp-json\/wp\/v2\/pages\/144\/revisions"}],"predecessor-version":[{"id":8471,"href":"https:\/\/www.3lo.walbrzych.pl\/wordpress\/wp-json\/wp\/v2\/pages\/144\/revisions\/8471"}],"wp:attachment":[{"href":"https:\/\/www.3lo.walbrzych.pl\/wordpress\/wp-json\/wp\/v2\/media?parent=144"}],"curies":[{"name":"wp","href":"https:\/\/api.w.org\/{rel}","templated":true}]}}