{"id":164,"date":"2015-08-30T15:03:19","date_gmt":"2015-08-30T13:03:19","guid":{"rendered":"http:\/\/www.3lo.walbrzych.pl\/wordpress\/?page_id=164"},"modified":"2025-09-04T07:34:59","modified_gmt":"2025-09-04T05:34:59","slug":"samorzad","status":"publish","type":"page","link":"https:\/\/www.3lo.walbrzych.pl\/wordpress\/samorzad\/","title":{"rendered":"Samorz\u0105d"},"content":{"rendered":"<p class=\"text\">W obecnym roku szkolnym, po przeprowadzeniu na pocz\u0105tku pa\u017adziernika wybor\u00f3w, Samorz\u0105d Uczniowski pracuje w nast\u0119puj\u0105cym sk\u0142adzie:<\/p>\n<p><strong>Przewodnicz\u0105cy:\u00a0<\/strong><\/p>\n<p><strong>Zast\u0119pca:<\/strong><\/p>\n<p><strong>Sekretarz:<\/strong><\/p>\n<p><strong>Skarbnik:<\/strong><\/p>\n<p>Opiekunem Samorz\u0105du uczniowskiego III LO jest p. <b>Micha\u0142 Cetera<\/b><\/p>\n<p><strong>SAMORZ\u0104DNO\u015a\u0106<\/strong><\/p>\n<p class=\"text\">Cz\u0142onkowie SU s\u0105 przedstawicielami ca\u0142ej spo\u0142eczno\u015bci uczniowskiej i dzi\u0119ki spotkaniom z samorz\u0105dami klasowymi, indywidualnym rozmowom i za po\u015brednictwem poczty elektronicznej (<a class=\"fade\" href=\"mailto:su3lo@op.pl\">su3lo@op.pl<\/a>) b\u0119d\u0105 zbiera\u0107 informacje o propozycjach i problemach uczni\u00f3w, przekazywa\u0107 je za po\u015brednictwem opiekuna SU dyrekcji i interweniowa\u0107 w poszczeg\u00f3lnych sprawach. B\u0119d\u0105 na podstawie statutu III LO wsp\u00f3\u0142decydowa\u0107 o przyznawaniu niekt\u00f3rych nagr\u00f3d i opiniowa\u0107 wnioski dotycz\u0105ce oceny nauczycieli. B\u0119d\u0105 te\u017c w razie potrzeby przedstawia\u0107 swoje stanowisko w sprawie skre\u015blenia z listy uczni\u00f3w.<\/p>\n<p class=\"text\"><strong>WSP\u00d3\u0141ORGANIZACJA \u017bYCIA SZKO\u0141Y<\/strong><\/p>\n<p class=\"text\">SU jest inicjatorem i organizatorem imprez szkolnych:<\/p>\n<ul>\n<li style=\"list-style-type: none;\">\n<ul>\n<li class=\"punkty\">Andrzejki<\/li>\n<li class=\"punkty\">Walentynki<\/li>\n<li class=\"punkty\">Szcz\u0119\u015bliwy Numerek<\/li>\n<\/ul>\n<\/li>\n<\/ul>\n<ul>\n<li style=\"list-style-type: none;\">\u00a0<\/li>\n<\/ul>\n<p class=\"text\">B\u0119dziemy prezentowa\u0107 tw\u00f3rczo\u015b\u0107 plastyczn\u0105 i fotograficzn\u0105 uczni\u00f3w i nauczycieli naszej szko\u0142y w malutkiej galerii, kt\u00f3r\u0105 planujemy stworzy\u0107. Nie jeste\u015bmy oboj\u0119tni na problemy \u015brodowiska naturalnego &#8211; przez ca\u0142y rok b\u0119dzie trwa\u0142a akcja zbierania zu\u017cytych baterii w celu ich bezpiecznej utylizacji.<\/p>\n<p class=\"text\"><strong>TRADYCJE SZKOLNE<\/strong><\/p>\n<p class=\"text\">SU b\u0119dzie podtrzymywa\u0107 szkolne tradycje wsp\u00f3\u0142organizuj\u0105c \u015bwi\u0119ta szkolne i dbaj\u0105c o ich uroczyst\u0105 opraw\u0119. B\u0119dziemy pami\u0119ta\u0107 o emerytowanych nauczycielach i innych pracownikach naszej szko\u0142y zw\u0142aszcza w okresie \u015bwi\u0105tecznym odwiedzaj\u0105c ich b\u0105d\u017a wysy\u0142aj\u0105c karty okoliczno\u015bciowe. Zwr\u00f3cimy szczeg\u00f3ln\u0105 uwag\u0119 na godne reprezentowanie naszej szko\u0142y na zewn\u0105trz.<\/p>\n<p class=\"text\"><strong>DZIA\u0141ALNO\u015a\u0106 CHARYTATYWNA<\/strong><\/p>\n<p class=\"text\">SU b\u0119dzie si\u0119 stara\u0107 wspiera\u0107 r\u00f3\u017cnego rodzaju fundacje nios\u0105ce pomoc potrzebuj\u0105cym. B\u0119dziemy organizowa\u0107 akcje na terenie szko\u0142y i szybko reagowa\u0107 na apele o pomoc inicjuj\u0105c zbi\u00f3rki pieni\u0119\u017cne b\u0105d\u017a inne w\u0142\u0105czaj\u0105c w te przedsi\u0119wzi\u0119cia ca\u0142\u0105 spo\u0142eczno\u015b\u0107 szkoln\u0105. Og\u00f3lnopolskie akcje, w kt\u00f3re SU w\u0142\u0105czy nasz\u0105 szko\u0142\u0119 to<\/p>\n<ul>\n<li style=\"list-style-type: none;\">\n<ul>\n<li class=\"punkty\">G\u00f3ra Grosza<\/li>\n<li class=\"punkty\">WO\u015aP<\/li>\n<\/ul>\n<\/li>\n<\/ul>\n\n\n<p class=\"wp-block-paragraph\"><\/p>\n","protected":false},"excerpt":{"rendered":"<p>W obecnym roku szkolnym, po przeprowadzeniu na pocz\u0105tku pa\u017adziernika wybor\u00f3w, Samorz\u0105d Uczniowski pracuje w nast\u0119puj\u0105cym sk\u0142adzie: Przewodnicz\u0105cy:\u00a0 Zast\u0119pca: Sekretarz: Skarbnik: Opiekunem Samorz\u0105du uczniowskiego III LO jest p. Micha\u0142 Cetera SAMORZ\u0104DNO\u015a\u0106 Cz\u0142onkowie SU s\u0105 przedstawicielami ca\u0142ej spo\u0142eczno\u015bci uczniowskiej i dzi\u0119ki spotkaniom z samorz\u0105dami klasowymi, indywidualnym rozmowom i za po\u015brednictwem poczty elektronicznej (su3lo@op.pl) b\u0119d\u0105 zbiera\u0107 informacje o [&hellip;]<\/p>\n","protected":false},"author":4,"featured_media":0,"parent":0,"menu_order":0,"comment_status":"open","ping_status":"open","template":"","meta":{"footnotes":""},"class_list":["post-164","page","type-page","status-publish","hentry"],"yoast_head":"<!-- This site is optimized with the Yoast SEO plugin v28.4 - https:\/\/yoast.com\/product\/yoast-seo-wordpress\/ -->\n<title>Samorz\u0105d - III Liceum Og\u00f3lnokszta\u0142c\u0105ce im. Miko\u0142aja Kopernika<\/title>\n<meta name=\"robots\" content=\"index, follow, max-snippet:-1, max-image-preview:large, max-video-preview:-1\" \/>\n<link rel=\"canonical\" href=\"https:\/\/www.3lo.walbrzych.pl\/wordpress\/samorzad\/\" \/>\n<meta property=\"og:locale\" content=\"pl_PL\" \/>\n<meta property=\"og:type\" content=\"article\" \/>\n<meta property=\"og:title\" content=\"Samorz\u0105d - III Liceum Og\u00f3lnokszta\u0142c\u0105ce im. Miko\u0142aja Kopernika\" \/>\n<meta property=\"og:description\" content=\"W obecnym roku szkolnym, po przeprowadzeniu na pocz\u0105tku pa\u017adziernika wybor\u00f3w, Samorz\u0105d Uczniowski pracuje w nast\u0119puj\u0105cym sk\u0142adzie: Przewodnicz\u0105cy:\u00a0 Zast\u0119pca: Sekretarz: Skarbnik: Opiekunem Samorz\u0105du uczniowskiego III LO jest p. Micha\u0142 Cetera SAMORZ\u0104DNO\u015a\u0106 Cz\u0142onkowie SU s\u0105 przedstawicielami ca\u0142ej spo\u0142eczno\u015bci uczniowskiej i dzi\u0119ki spotkaniom z samorz\u0105dami klasowymi, indywidualnym rozmowom i za po\u015brednictwem poczty elektronicznej (su3lo@op.pl) b\u0119d\u0105 zbiera\u0107 informacje o [&hellip;]\" \/>\n<meta property=\"og:url\" content=\"https:\/\/www.3lo.walbrzych.pl\/wordpress\/samorzad\/\" \/>\n<meta property=\"og:site_name\" content=\"III Liceum Og\u00f3lnokszta\u0142c\u0105ce im. Miko\u0142aja Kopernika\" \/>\n<meta property=\"article:modified_time\" content=\"2025-09-04T05:34:59+00:00\" \/>\n<meta name=\"twitter:card\" content=\"summary_large_image\" \/>\n<meta name=\"twitter:label1\" content=\"Szacowany czas czytania\" \/>\n\t<meta name=\"twitter:data1\" content=\"2 minuty\" \/>\n<script type=\"application\/ld+json\" class=\"yoast-schema-graph\">{\"@context\":\"https:\\\/\\\/schema.org\",\"@graph\":[{\"@type\":\"WebPage\",\"@id\":\"https:\\\/\\\/www.3lo.walbrzych.pl\\\/wordpress\\\/samorzad\\\/\",\"url\":\"https:\\\/\\\/www.3lo.walbrzych.pl\\\/wordpress\\\/samorzad\\\/\",\"name\":\"Samorz\u0105d - III Liceum Og\u00f3lnokszta\u0142c\u0105ce im. Miko\u0142aja Kopernika\",\"isPartOf\":{\"@id\":\"https:\\\/\\\/www.3lo.walbrzych.pl\\\/wordpress\\\/#website\"},\"datePublished\":\"2015-08-30T13:03:19+00:00\",\"dateModified\":\"2025-09-04T05:34:59+00:00\",\"breadcrumb\":{\"@id\":\"https:\\\/\\\/www.3lo.walbrzych.pl\\\/wordpress\\\/samorzad\\\/#breadcrumb\"},\"inLanguage\":\"pl-PL\",\"potentialAction\":[{\"@type\":\"ReadAction\",\"target\":[\"https:\\\/\\\/www.3lo.walbrzych.pl\\\/wordpress\\\/samorzad\\\/\"]}]},{\"@type\":\"BreadcrumbList\",\"@id\":\"https:\\\/\\\/www.3lo.walbrzych.pl\\\/wordpress\\\/samorzad\\\/#breadcrumb\",\"itemListElement\":[{\"@type\":\"ListItem\",\"position\":1,\"name\":\"Strona g\u0142\u00f3wna\",\"item\":\"https:\\\/\\\/www.3lo.walbrzych.pl\\\/wordpress\\\/\"},{\"@type\":\"ListItem\",\"position\":2,\"name\":\"Samorz\u0105d\"}]},{\"@type\":\"WebSite\",\"@id\":\"https:\\\/\\\/www.3lo.walbrzych.pl\\\/wordpress\\\/#website\",\"url\":\"https:\\\/\\\/www.3lo.walbrzych.pl\\\/wordpress\\\/\",\"name\":\"III Liceum Og\u00f3lnokszta\u0142c\u0105ce im. Miko\u0142aja Kopernika\",\"description\":\"\",\"publisher\":{\"@id\":\"https:\\\/\\\/www.3lo.walbrzych.pl\\\/wordpress\\\/#organization\"},\"potentialAction\":[{\"@type\":\"SearchAction\",\"target\":{\"@type\":\"EntryPoint\",\"urlTemplate\":\"https:\\\/\\\/www.3lo.walbrzych.pl\\\/wordpress\\\/?s={search_term_string}\"},\"query-input\":{\"@type\":\"PropertyValueSpecification\",\"valueRequired\":true,\"valueName\":\"search_term_string\"}}],\"inLanguage\":\"pl-PL\"},{\"@type\":\"Organization\",\"@id\":\"https:\\\/\\\/www.3lo.walbrzych.pl\\\/wordpress\\\/#organization\",\"name\":\"III Liceum Og\u00f3lnokszta\u0142c\u0105ce im. Miko\u0142aja Kopernika\",\"url\":\"https:\\\/\\\/www.3lo.walbrzych.pl\\\/wordpress\\\/\",\"logo\":{\"@type\":\"ImageObject\",\"inLanguage\":\"pl-PL\",\"@id\":\"https:\\\/\\\/www.3lo.walbrzych.pl\\\/wordpress\\\/#\\\/schema\\\/logo\\\/image\\\/\",\"url\":\"https:\\\/\\\/www.3lo.walbrzych.pl\\\/wordpress\\\/wp-content\\\/uploads\\\/2025\\\/09\\\/logo-szkoly-scaled.jpg\",\"contentUrl\":\"https:\\\/\\\/www.3lo.walbrzych.pl\\\/wordpress\\\/wp-content\\\/uploads\\\/2025\\\/09\\\/logo-szkoly-scaled.jpg\",\"width\":2560,\"height\":914,\"caption\":\"III Liceum Og\u00f3lnokszta\u0142c\u0105ce im. Miko\u0142aja Kopernika\"},\"image\":{\"@id\":\"https:\\\/\\\/www.3lo.walbrzych.pl\\\/wordpress\\\/#\\\/schema\\\/logo\\\/image\\\/\"}}]}<\/script>\n<!-- \/ Yoast SEO plugin. -->","yoast_head_json":{"title":"Samorz\u0105d - III Liceum Og\u00f3lnokszta\u0142c\u0105ce im. Miko\u0142aja Kopernika","robots":{"index":"index","follow":"follow","max-snippet":"max-snippet:-1","max-image-preview":"max-image-preview:large","max-video-preview":"max-video-preview:-1"},"canonical":"https:\/\/www.3lo.walbrzych.pl\/wordpress\/samorzad\/","og_locale":"pl_PL","og_type":"article","og_title":"Samorz\u0105d - III Liceum Og\u00f3lnokszta\u0142c\u0105ce im. Miko\u0142aja Kopernika","og_description":"W obecnym roku szkolnym, po przeprowadzeniu na pocz\u0105tku pa\u017adziernika wybor\u00f3w, Samorz\u0105d Uczniowski pracuje w nast\u0119puj\u0105cym sk\u0142adzie: Przewodnicz\u0105cy:\u00a0 Zast\u0119pca: Sekretarz: Skarbnik: Opiekunem Samorz\u0105du uczniowskiego III LO jest p. Micha\u0142 Cetera SAMORZ\u0104DNO\u015a\u0106 Cz\u0142onkowie SU s\u0105 przedstawicielami ca\u0142ej spo\u0142eczno\u015bci uczniowskiej i dzi\u0119ki spotkaniom z samorz\u0105dami klasowymi, indywidualnym rozmowom i za po\u015brednictwem poczty elektronicznej (su3lo@op.pl) b\u0119d\u0105 zbiera\u0107 informacje o [&hellip;]","og_url":"https:\/\/www.3lo.walbrzych.pl\/wordpress\/samorzad\/","og_site_name":"III Liceum Og\u00f3lnokszta\u0142c\u0105ce im. Miko\u0142aja Kopernika","article_modified_time":"2025-09-04T05:34:59+00:00","twitter_card":"summary_large_image","twitter_misc":{"Szacowany czas czytania":"2 minuty"},"schema":{"@context":"https:\/\/schema.org","@graph":[{"@type":"WebPage","@id":"https:\/\/www.3lo.walbrzych.pl\/wordpress\/samorzad\/","url":"https:\/\/www.3lo.walbrzych.pl\/wordpress\/samorzad\/","name":"Samorz\u0105d - III Liceum Og\u00f3lnokszta\u0142c\u0105ce im. Miko\u0142aja Kopernika","isPartOf":{"@id":"https:\/\/www.3lo.walbrzych.pl\/wordpress\/#website"},"datePublished":"2015-08-30T13:03:19+00:00","dateModified":"2025-09-04T05:34:59+00:00","breadcrumb":{"@id":"https:\/\/www.3lo.walbrzych.pl\/wordpress\/samorzad\/#breadcrumb"},"inLanguage":"pl-PL","potentialAction":[{"@type":"ReadAction","target":["https:\/\/www.3lo.walbrzych.pl\/wordpress\/samorzad\/"]}]},{"@type":"BreadcrumbList","@id":"https:\/\/www.3lo.walbrzych.pl\/wordpress\/samorzad\/#breadcrumb","itemListElement":[{"@type":"ListItem","position":1,"name":"Strona g\u0142\u00f3wna","item":"https:\/\/www.3lo.walbrzych.pl\/wordpress\/"},{"@type":"ListItem","position":2,"name":"Samorz\u0105d"}]},{"@type":"WebSite","@id":"https:\/\/www.3lo.walbrzych.pl\/wordpress\/#website","url":"https:\/\/www.3lo.walbrzych.pl\/wordpress\/","name":"III Liceum Og\u00f3lnokszta\u0142c\u0105ce im. Miko\u0142aja Kopernika","description":"","publisher":{"@id":"https:\/\/www.3lo.walbrzych.pl\/wordpress\/#organization"},"potentialAction":[{"@type":"SearchAction","target":{"@type":"EntryPoint","urlTemplate":"https:\/\/www.3lo.walbrzych.pl\/wordpress\/?s={search_term_string}"},"query-input":{"@type":"PropertyValueSpecification","valueRequired":true,"valueName":"search_term_string"}}],"inLanguage":"pl-PL"},{"@type":"Organization","@id":"https:\/\/www.3lo.walbrzych.pl\/wordpress\/#organization","name":"III Liceum Og\u00f3lnokszta\u0142c\u0105ce im. Miko\u0142aja Kopernika","url":"https:\/\/www.3lo.walbrzych.pl\/wordpress\/","logo":{"@type":"ImageObject","inLanguage":"pl-PL","@id":"https:\/\/www.3lo.walbrzych.pl\/wordpress\/#\/schema\/logo\/image\/","url":"https:\/\/www.3lo.walbrzych.pl\/wordpress\/wp-content\/uploads\/2025\/09\/logo-szkoly-scaled.jpg","contentUrl":"https:\/\/www.3lo.walbrzych.pl\/wordpress\/wp-content\/uploads\/2025\/09\/logo-szkoly-scaled.jpg","width":2560,"height":914,"caption":"III Liceum Og\u00f3lnokszta\u0142c\u0105ce im. Miko\u0142aja Kopernika"},"image":{"@id":"https:\/\/www.3lo.walbrzych.pl\/wordpress\/#\/schema\/logo\/image\/"}}]}},"_links":{"self":[{"href":"https:\/\/www.3lo.walbrzych.pl\/wordpress\/wp-json\/wp\/v2\/pages\/164","targetHints":{"allow":["GET"]}}],"collection":[{"href":"https:\/\/www.3lo.walbrzych.pl\/wordpress\/wp-json\/wp\/v2\/pages"}],"about":[{"href":"https:\/\/www.3lo.walbrzych.pl\/wordpress\/wp-json\/wp\/v2\/types\/page"}],"author":[{"embeddable":true,"href":"https:\/\/www.3lo.walbrzych.pl\/wordpress\/wp-json\/wp\/v2\/users\/4"}],"replies":[{"embeddable":true,"href":"https:\/\/www.3lo.walbrzych.pl\/wordpress\/wp-json\/wp\/v2\/comments?post=164"}],"version-history":[{"count":8,"href":"https:\/\/www.3lo.walbrzych.pl\/wordpress\/wp-json\/wp\/v2\/pages\/164\/revisions"}],"predecessor-version":[{"id":8260,"href":"https:\/\/www.3lo.walbrzych.pl\/wordpress\/wp-json\/wp\/v2\/pages\/164\/revisions\/8260"}],"wp:attachment":[{"href":"https:\/\/www.3lo.walbrzych.pl\/wordpress\/wp-json\/wp\/v2\/media?parent=164"}],"curies":[{"name":"wp","href":"https:\/\/api.w.org\/{rel}","templated":true}]}}