{"id":205,"date":"2015-08-30T15:52:11","date_gmt":"2015-08-30T13:52:11","guid":{"rendered":"http:\/\/www.3lo.walbrzych.pl\/wordpress\/?page_id=205"},"modified":"2015-08-30T15:52:11","modified_gmt":"2015-08-30T13:52:11","slug":"historia-szkoly","status":"publish","type":"page","link":"https:\/\/www.3lo.walbrzych.pl\/wordpress\/historia-szkoly\/","title":{"rendered":"Historia szko\u0142y"},"content":{"rendered":"<p>Dnia 1 pa\u017adziernika w W\u0119glewie, miasteczku w powiecie wa\u0142brzyskim (obecnie dzielnicy Sobi\u0119cin), otwarto Publiczn\u0105 Szko\u0142\u0119 Powszechn\u0105. Nauczycielem kieruj\u0105cym mianowano Mariana K\u0142opotka. Przez pierwsze miesi\u0105ce plac\u00f3wka funkcjonowa\u0142a w budynku jednopi\u0119trowym, w kt\u00f3rym wcze\u015bniej znajdowa\u0142a si\u0119 szko\u0142a niemiecka (Pestalotzi-Schule).<\/p>\n<p><strong>1946<\/strong><br \/>\n7 kwietnia szko\u0142\u0119 przeniesiono do innego, dwupi\u0119trowego budynku (obecnie przy ul. Puszkina).<\/p>\n<p><strong>1947<\/strong><br \/>\n23 lutego szko\u0142a zosta\u0142a przeniesiona do budynku obecnie zajmowanego przez III Liceum Og\u00f3lnokszta\u0142c\u0105ce im. Miko\u0142aja Kopernika. W budynku tym, powsta\u0142ym w 1904 roku, mie\u015bci\u0142a si\u0119 przed II wojn\u0105 \u015bwiatow\u0105 szko\u0142a dla dziewcz\u0105t &#8211; Parkschule (Deutsche M\u00e4dchen-Schule).<\/p>\n<p><strong>1947<\/strong><br \/>\n1 pa\u017adziernika zosta\u0142a otwarta biblioteka szkolna, w kt\u00f3rej ksi\u0119gozbi\u00f3r systematycznie rozrasta\u0142 si\u0119 od kulkudziesi\u0119ciu do pi\u0119tnastu tysi\u0119cy wolumin\u00f3w w roku 1999. W chwili obecnej ca\u0142y zbi\u00f3r biblioteczny jest skomputeryzowany.<\/p>\n<p><strong>1949<\/strong><br \/>\n1 wrze\u015bnia zarz\u0105d nad \u00f3wczesn\u0105 Publiczn\u0105 Szko\u0142\u0105 Powszechn\u0105 obj\u0119\u0142o Towarzystwo Przyjaci\u00f3\u0142 Dzieci; powsta\u0142a Og\u00f3lnokszta\u0142c\u0105ca Szko\u0142a TPD Stopnia Podstawowego i Licealnego tzw. &#8222;jedenastolatka&#8221;.<\/p>\n<p><strong>1953<\/strong><br \/>\nW tym roku wybudowano sal\u0119 gimnastyczn\u0105, kt\u00f3ra po\u0142\u0105czy\u0142a dwa stanowi\u0105ce ca\u0142o\u015b\u0107 budynki.<\/p>\n<p><strong>1953<\/strong><br \/>\nPierwsi absolwenci szko\u0142y<\/p>\n<p><strong>1960<\/strong><br \/>\n2 listopada zmieniono nazw\u0119 szko\u0142y na: Szko\u0142a Podstawowa i Liceum Og\u00f3lnokszta\u0142c\u0105ce nr 3 w Wa\u0142brzychu.<\/p>\n<p><strong>1963<\/strong><br \/>\nLiceum rozpocz\u0119\u0142o prac\u0119 systemem gabinetowym. W tworzeniu gabinet\u00f3w przedmiotowych pomaga\u0142 zak\u0142ad opieku\u0144czy szko\u0142y &#8211; Kopalnia W\u0119gla Kamiennego &#8222;Victoria&#8221;.<\/p>\n<p><strong>1967<\/strong><br \/>\nW czerwcu tego roku, w wyniku reformy o\u015bwiatowej, przesta\u0142a isnie\u0107 &#8222;jedenastolatka&#8221;. We wrze\u015bniu utworzono Szko\u0142\u0119 Publiczn\u0105 nr 36, a III Liceum Og\u00f3lnokszta\u0142c\u0105ce, cho\u0107 w tym samym budynku, zacz\u0119\u0142o funkcjonowa\u0107 jako odr\u0119bna plac\u00f3wka o\u015bwiatowa.<\/p>\n<p><strong>1968<\/strong><br \/>\nW szkole urz\u0105dzono gabinety: lekarski i stomatologiczny; wykonano &#8222;s\u0142ynn\u0105&#8221; r\u00f3\u017cow\u0105 elewacj\u0119 budynku (wyb\u00f3r koloru przetrwa\u0142 pr\u00f3b\u0119 czasu).<\/p>\n<p><strong>1969<\/strong><br \/>\nOd tego roku zacz\u0119to tworzy\u0107 klasy profilowane &#8211; jako pierwsza powsta\u0142a klasa matematyczno-fizyczna. W kolejnych latach tworzono nast\u0119pne klasy profilowane: humanistyczn\u0105, biologiczno-chemiczn\u0105.<\/p>\n<p><strong>1970<\/strong><br \/>\nZako\u0144czono trwaj\u0105c\u0105 od 1968 roku budow\u0119 boiska szkolnego. W budynku dokomnano wymiany instalacji elektrycznej.<\/p>\n<p><strong>1971<\/strong><br \/>\n1 lutego udost\u0119pniono uczniom nowoczesny gabinet i zmodernizowan\u0105 pracowni\u0119 geograficzn\u0105, w kt\u00f3rych wyposa\u017ceniu pomaga\u0142 zak\u0142ad opieku\u0144czy szko\u0142y. Oddano do u\u017cytku kolejne pracownie, mi\u0119dzy innymi nowoczesne laboratorium j\u0119zykowe.<\/p>\n<p><strong>1971<\/strong><br \/>\n18 marca III Liceum Og\u00f3lnokszta\u0142c\u0105ce w Wa\u0142brzychu otrzyma\u0142o imi\u0119 Miko\u0142aja Kopernika. Zgod\u0119 wyda\u0142o Kuratorium Okr\u0119gu Szkolnego we Wroc\u0142awiu.<\/p>\n<p><strong>1972<\/strong><br \/>\nWe wrze\u015bniu rozpocz\u0119to uroczyste obchody Roku Kopernikowskiego w zwi\u0105zku z 500-leciem urodzin patrona szko\u0142y (19 lutego 1973 roku).<\/p>\n<p><strong>1974<\/strong><br \/>\nW czerwcu zlikwidowano Szko\u0142\u0119 Podstawow\u0105 nr 36 i od tego momentu III LO zacz\u0119\u0142o dysponowa\u0107 ca\u0142ym budynkiem.<\/p>\n<p><strong>1978<\/strong><br \/>\n7 kwietnia powsta\u0142a Izba Pami\u0119ci Narodowej i Tradycji Szko\u0142y.<\/p>\n<p><strong>1990<\/strong><br \/>\nWe wrze\u015bniu zorganizowano klas\u0119 autorsk\u0105 o profilu matematyczno-fizycznym z informatyk\u0105 i otwarto pracowni\u0119 komputerow\u0105. W nast\u0119pnych latach powsta\u0142y kolejne klasy autorskie: humanistyczna z edukacj\u0105 teatraln\u0105, biologiczno-chemiczna z ochron\u0105 \u015brodowiska i og\u00f3lna z rozszerzonym j\u0119zykiem obcym.<\/p>\n<p><strong>1991<\/strong><br \/>\nDyrektorem zostaje mgr Waldemar S\u0119czyk<\/p>\n<p><strong>1994<\/strong><br \/>\nZosta\u0142a utworzona si\u0142ownia, dysponuj\u0105ca nowoczesnym sprz\u0119tem, s\u0142u\u017c\u0105ca zar\u00f3wno uczniom, pracownikom naszego liceum, jak i mieszka\u0144com miasta.<\/p>\n<p><strong>1997<\/strong><br \/>\nPr\u00f3by czasu nie przetrwa\u0142y drewniane schody b\u0119d\u0105ce charakterystycznym elementem korytarzy szkolnych. 13 marca zosta\u0142 otwarty Szkolny Klub Europejski.<\/p>\n<p><strong>1999<\/strong><br \/>\n50-lecie istnienia szko\u0142y na kt\u00f3rym spotkali si\u0119 absolwenci i nauczyciele przybyli z r\u00f3\u017cnych stron kraju i \u015bwiata. Inauguracja obchod\u00f3w 50-lecia odby\u0142a si\u0119 w szkole. Spotkanie u\u015bwietni\u0142 bal w Zamku Ksi\u0105\u017c.<\/p>\n<p><strong>2001<\/strong><br \/>\nJu\u017c po raz 10-ty odwiedzili nas przyjaciele z Niemiec. Od 1981 roku trwa wsp\u00f3\u0142praca ze Szko\u0142\u0105 z Waldbrol w ramach wymiany mi\u0119dzynarodowej m\u0142odzie\u017cy.<\/p>\n<p><strong>2002<\/strong><br \/>\nTradycj\u0105 szko\u0142y jest coroczna-ju\u017c 10-Wystawa Ps\u00f3w Ras Wszelkich;<\/p>\n<p><strong>2002<\/strong><br \/>\nReforma O\u015bwiaty dotar\u0142a do szk\u00f3\u0142 \u015brednich. Pierwsza rekrutacja w roku 2002\/03, do 6-ciu pogimnazjalnych klas (matematyczno &#8211; informatyczna, biologiczno &#8211; chemiczna, humanistyczna z edukacj\u0105 teatraln\u0105, humanistyczna z edukacj\u0105 europejsk\u0105, og\u00f3lna z elementami reklamy, og\u00f3lna z elementami grafiki komputerowej);<\/p>\n<p><strong>2003<\/strong><br \/>\nZ naszych korytarzy znik\u0142y drewniane boazerie, \u015bciany do dzi\u015b s\u0105 pe\u0142ne t\u0119czowych kolor\u00f3w;<\/p>\n<p><strong>2003\/04<\/strong><br \/>\nw Og\u00f3lnopolskim Rankingu Szk\u00f3\u0142 \u015brednich nasza uplasowa\u0142a si\u0119 na 12 miejscu w\u015br\u00f3d szk\u00f3\u0142 ca\u0142ego wojew\u00f3dztwa dolno\u015bl\u0105skiego, a na 231 w Polsce.<\/p>\n","protected":false},"excerpt":{"rendered":"<p>Dnia 1 pa\u017adziernika w W\u0119glewie, miasteczku w powiecie wa\u0142brzyskim (obecnie dzielnicy Sobi\u0119cin), otwarto Publiczn\u0105 Szko\u0142\u0119 Powszechn\u0105. Nauczycielem kieruj\u0105cym mianowano Mariana K\u0142opotka. Przez pierwsze miesi\u0105ce plac\u00f3wka funkcjonowa\u0142a w budynku jednopi\u0119trowym, w kt\u00f3rym wcze\u015bniej znajdowa\u0142a si\u0119 szko\u0142a niemiecka (Pestalotzi-Schule). 1946 7 kwietnia szko\u0142\u0119 przeniesiono do innego, dwupi\u0119trowego budynku (obecnie przy ul. Puszkina). 1947 23 lutego szko\u0142a zosta\u0142a [&hellip;]<\/p>\n","protected":false},"author":4,"featured_media":0,"parent":0,"menu_order":0,"comment_status":"open","ping_status":"open","template":"","meta":{"footnotes":""},"class_list":["post-205","page","type-page","status-publish","hentry"],"yoast_head":"<!-- This site is optimized with the Yoast SEO plugin v28.4 - https:\/\/yoast.com\/product\/yoast-seo-wordpress\/ -->\n<title>Historia szko\u0142y - III Liceum Og\u00f3lnokszta\u0142c\u0105ce im. Miko\u0142aja Kopernika<\/title>\n<meta name=\"robots\" content=\"index, follow, max-snippet:-1, max-image-preview:large, max-video-preview:-1\" \/>\n<link rel=\"canonical\" href=\"https:\/\/www.3lo.walbrzych.pl\/wordpress\/historia-szkoly\/\" \/>\n<meta property=\"og:locale\" content=\"pl_PL\" \/>\n<meta property=\"og:type\" content=\"article\" \/>\n<meta property=\"og:title\" content=\"Historia szko\u0142y - III Liceum Og\u00f3lnokszta\u0142c\u0105ce im. Miko\u0142aja Kopernika\" \/>\n<meta property=\"og:description\" content=\"Dnia 1 pa\u017adziernika w W\u0119glewie, miasteczku w powiecie wa\u0142brzyskim (obecnie dzielnicy Sobi\u0119cin), otwarto Publiczn\u0105 Szko\u0142\u0119 Powszechn\u0105. Nauczycielem kieruj\u0105cym mianowano Mariana K\u0142opotka. Przez pierwsze miesi\u0105ce plac\u00f3wka funkcjonowa\u0142a w budynku jednopi\u0119trowym, w kt\u00f3rym wcze\u015bniej znajdowa\u0142a si\u0119 szko\u0142a niemiecka (Pestalotzi-Schule). 1946 7 kwietnia szko\u0142\u0119 przeniesiono do innego, dwupi\u0119trowego budynku (obecnie przy ul. Puszkina). 1947 23 lutego szko\u0142a zosta\u0142a [&hellip;]\" \/>\n<meta property=\"og:url\" content=\"https:\/\/www.3lo.walbrzych.pl\/wordpress\/historia-szkoly\/\" \/>\n<meta property=\"og:site_name\" content=\"III Liceum Og\u00f3lnokszta\u0142c\u0105ce im. Miko\u0142aja Kopernika\" \/>\n<meta name=\"twitter:card\" content=\"summary_large_image\" \/>\n<meta name=\"twitter:label1\" content=\"Szacowany czas czytania\" \/>\n\t<meta name=\"twitter:data1\" content=\"4 minuty\" \/>\n<script type=\"application\/ld+json\" class=\"yoast-schema-graph\">{\"@context\":\"https:\\\/\\\/schema.org\",\"@graph\":[{\"@type\":\"WebPage\",\"@id\":\"https:\\\/\\\/www.3lo.walbrzych.pl\\\/wordpress\\\/historia-szkoly\\\/\",\"url\":\"https:\\\/\\\/www.3lo.walbrzych.pl\\\/wordpress\\\/historia-szkoly\\\/\",\"name\":\"Historia szko\u0142y - III Liceum Og\u00f3lnokszta\u0142c\u0105ce im. Miko\u0142aja Kopernika\",\"isPartOf\":{\"@id\":\"https:\\\/\\\/www.3lo.walbrzych.pl\\\/wordpress\\\/#website\"},\"datePublished\":\"2015-08-30T13:52:11+00:00\",\"breadcrumb\":{\"@id\":\"https:\\\/\\\/www.3lo.walbrzych.pl\\\/wordpress\\\/historia-szkoly\\\/#breadcrumb\"},\"inLanguage\":\"pl-PL\",\"potentialAction\":[{\"@type\":\"ReadAction\",\"target\":[\"https:\\\/\\\/www.3lo.walbrzych.pl\\\/wordpress\\\/historia-szkoly\\\/\"]}]},{\"@type\":\"BreadcrumbList\",\"@id\":\"https:\\\/\\\/www.3lo.walbrzych.pl\\\/wordpress\\\/historia-szkoly\\\/#breadcrumb\",\"itemListElement\":[{\"@type\":\"ListItem\",\"position\":1,\"name\":\"Strona g\u0142\u00f3wna\",\"item\":\"https:\\\/\\\/www.3lo.walbrzych.pl\\\/wordpress\\\/\"},{\"@type\":\"ListItem\",\"position\":2,\"name\":\"Historia szko\u0142y\"}]},{\"@type\":\"WebSite\",\"@id\":\"https:\\\/\\\/www.3lo.walbrzych.pl\\\/wordpress\\\/#website\",\"url\":\"https:\\\/\\\/www.3lo.walbrzych.pl\\\/wordpress\\\/\",\"name\":\"III Liceum Og\u00f3lnokszta\u0142c\u0105ce im. Miko\u0142aja Kopernika\",\"description\":\"\",\"publisher\":{\"@id\":\"https:\\\/\\\/www.3lo.walbrzych.pl\\\/wordpress\\\/#organization\"},\"potentialAction\":[{\"@type\":\"SearchAction\",\"target\":{\"@type\":\"EntryPoint\",\"urlTemplate\":\"https:\\\/\\\/www.3lo.walbrzych.pl\\\/wordpress\\\/?s={search_term_string}\"},\"query-input\":{\"@type\":\"PropertyValueSpecification\",\"valueRequired\":true,\"valueName\":\"search_term_string\"}}],\"inLanguage\":\"pl-PL\"},{\"@type\":\"Organization\",\"@id\":\"https:\\\/\\\/www.3lo.walbrzych.pl\\\/wordpress\\\/#organization\",\"name\":\"III Liceum Og\u00f3lnokszta\u0142c\u0105ce im. Miko\u0142aja Kopernika\",\"url\":\"https:\\\/\\\/www.3lo.walbrzych.pl\\\/wordpress\\\/\",\"logo\":{\"@type\":\"ImageObject\",\"inLanguage\":\"pl-PL\",\"@id\":\"https:\\\/\\\/www.3lo.walbrzych.pl\\\/wordpress\\\/#\\\/schema\\\/logo\\\/image\\\/\",\"url\":\"https:\\\/\\\/www.3lo.walbrzych.pl\\\/wordpress\\\/wp-content\\\/uploads\\\/2025\\\/09\\\/logo-szkoly-scaled.jpg\",\"contentUrl\":\"https:\\\/\\\/www.3lo.walbrzych.pl\\\/wordpress\\\/wp-content\\\/uploads\\\/2025\\\/09\\\/logo-szkoly-scaled.jpg\",\"width\":2560,\"height\":914,\"caption\":\"III Liceum Og\u00f3lnokszta\u0142c\u0105ce im. Miko\u0142aja Kopernika\"},\"image\":{\"@id\":\"https:\\\/\\\/www.3lo.walbrzych.pl\\\/wordpress\\\/#\\\/schema\\\/logo\\\/image\\\/\"}}]}<\/script>\n<!-- \/ Yoast SEO plugin. -->","yoast_head_json":{"title":"Historia szko\u0142y - III Liceum Og\u00f3lnokszta\u0142c\u0105ce im. Miko\u0142aja Kopernika","robots":{"index":"index","follow":"follow","max-snippet":"max-snippet:-1","max-image-preview":"max-image-preview:large","max-video-preview":"max-video-preview:-1"},"canonical":"https:\/\/www.3lo.walbrzych.pl\/wordpress\/historia-szkoly\/","og_locale":"pl_PL","og_type":"article","og_title":"Historia szko\u0142y - III Liceum Og\u00f3lnokszta\u0142c\u0105ce im. Miko\u0142aja Kopernika","og_description":"Dnia 1 pa\u017adziernika w W\u0119glewie, miasteczku w powiecie wa\u0142brzyskim (obecnie dzielnicy Sobi\u0119cin), otwarto Publiczn\u0105 Szko\u0142\u0119 Powszechn\u0105. Nauczycielem kieruj\u0105cym mianowano Mariana K\u0142opotka. Przez pierwsze miesi\u0105ce plac\u00f3wka funkcjonowa\u0142a w budynku jednopi\u0119trowym, w kt\u00f3rym wcze\u015bniej znajdowa\u0142a si\u0119 szko\u0142a niemiecka (Pestalotzi-Schule). 1946 7 kwietnia szko\u0142\u0119 przeniesiono do innego, dwupi\u0119trowego budynku (obecnie przy ul. Puszkina). 1947 23 lutego szko\u0142a zosta\u0142a [&hellip;]","og_url":"https:\/\/www.3lo.walbrzych.pl\/wordpress\/historia-szkoly\/","og_site_name":"III Liceum Og\u00f3lnokszta\u0142c\u0105ce im. Miko\u0142aja Kopernika","twitter_card":"summary_large_image","twitter_misc":{"Szacowany czas czytania":"4 minuty"},"schema":{"@context":"https:\/\/schema.org","@graph":[{"@type":"WebPage","@id":"https:\/\/www.3lo.walbrzych.pl\/wordpress\/historia-szkoly\/","url":"https:\/\/www.3lo.walbrzych.pl\/wordpress\/historia-szkoly\/","name":"Historia szko\u0142y - III Liceum Og\u00f3lnokszta\u0142c\u0105ce im. Miko\u0142aja Kopernika","isPartOf":{"@id":"https:\/\/www.3lo.walbrzych.pl\/wordpress\/#website"},"datePublished":"2015-08-30T13:52:11+00:00","breadcrumb":{"@id":"https:\/\/www.3lo.walbrzych.pl\/wordpress\/historia-szkoly\/#breadcrumb"},"inLanguage":"pl-PL","potentialAction":[{"@type":"ReadAction","target":["https:\/\/www.3lo.walbrzych.pl\/wordpress\/historia-szkoly\/"]}]},{"@type":"BreadcrumbList","@id":"https:\/\/www.3lo.walbrzych.pl\/wordpress\/historia-szkoly\/#breadcrumb","itemListElement":[{"@type":"ListItem","position":1,"name":"Strona g\u0142\u00f3wna","item":"https:\/\/www.3lo.walbrzych.pl\/wordpress\/"},{"@type":"ListItem","position":2,"name":"Historia szko\u0142y"}]},{"@type":"WebSite","@id":"https:\/\/www.3lo.walbrzych.pl\/wordpress\/#website","url":"https:\/\/www.3lo.walbrzych.pl\/wordpress\/","name":"III Liceum Og\u00f3lnokszta\u0142c\u0105ce im. Miko\u0142aja Kopernika","description":"","publisher":{"@id":"https:\/\/www.3lo.walbrzych.pl\/wordpress\/#organization"},"potentialAction":[{"@type":"SearchAction","target":{"@type":"EntryPoint","urlTemplate":"https:\/\/www.3lo.walbrzych.pl\/wordpress\/?s={search_term_string}"},"query-input":{"@type":"PropertyValueSpecification","valueRequired":true,"valueName":"search_term_string"}}],"inLanguage":"pl-PL"},{"@type":"Organization","@id":"https:\/\/www.3lo.walbrzych.pl\/wordpress\/#organization","name":"III Liceum Og\u00f3lnokszta\u0142c\u0105ce im. Miko\u0142aja Kopernika","url":"https:\/\/www.3lo.walbrzych.pl\/wordpress\/","logo":{"@type":"ImageObject","inLanguage":"pl-PL","@id":"https:\/\/www.3lo.walbrzych.pl\/wordpress\/#\/schema\/logo\/image\/","url":"https:\/\/www.3lo.walbrzych.pl\/wordpress\/wp-content\/uploads\/2025\/09\/logo-szkoly-scaled.jpg","contentUrl":"https:\/\/www.3lo.walbrzych.pl\/wordpress\/wp-content\/uploads\/2025\/09\/logo-szkoly-scaled.jpg","width":2560,"height":914,"caption":"III Liceum Og\u00f3lnokszta\u0142c\u0105ce im. Miko\u0142aja Kopernika"},"image":{"@id":"https:\/\/www.3lo.walbrzych.pl\/wordpress\/#\/schema\/logo\/image\/"}}]}},"_links":{"self":[{"href":"https:\/\/www.3lo.walbrzych.pl\/wordpress\/wp-json\/wp\/v2\/pages\/205","targetHints":{"allow":["GET"]}}],"collection":[{"href":"https:\/\/www.3lo.walbrzych.pl\/wordpress\/wp-json\/wp\/v2\/pages"}],"about":[{"href":"https:\/\/www.3lo.walbrzych.pl\/wordpress\/wp-json\/wp\/v2\/types\/page"}],"author":[{"embeddable":true,"href":"https:\/\/www.3lo.walbrzych.pl\/wordpress\/wp-json\/wp\/v2\/users\/4"}],"replies":[{"embeddable":true,"href":"https:\/\/www.3lo.walbrzych.pl\/wordpress\/wp-json\/wp\/v2\/comments?post=205"}],"version-history":[{"count":1,"href":"https:\/\/www.3lo.walbrzych.pl\/wordpress\/wp-json\/wp\/v2\/pages\/205\/revisions"}],"predecessor-version":[{"id":206,"href":"https:\/\/www.3lo.walbrzych.pl\/wordpress\/wp-json\/wp\/v2\/pages\/205\/revisions\/206"}],"wp:attachment":[{"href":"https:\/\/www.3lo.walbrzych.pl\/wordpress\/wp-json\/wp\/v2\/media?parent=205"}],"curies":[{"name":"wp","href":"https:\/\/api.w.org\/{rel}","templated":true}]}}