{"id":3711,"date":"2019-02-06T14:42:18","date_gmt":"2019-02-06T13:42:18","guid":{"rendered":"http:\/\/www.3lo.walbrzych.pl\/wordpress\/?page_id=3711"},"modified":"2026-05-26T10:24:18","modified_gmt":"2026-05-26T08:24:18","slug":"oferta-szkoly","status":"publish","type":"page","link":"https:\/\/www.3lo.walbrzych.pl\/wordpress\/oferta-szkoly\/","title":{"rendered":"Oferta szko\u0142y"},"content":{"rendered":"\n<p class=\"wp-block-paragraph\"><em><strong>Oferta III Liceum Og\u00f3lnokszta\u0142c\u0105cego im. Miko\u0142aja Kopernika w Wa\u0142brzychu<\/strong><\/em><\/p>\n\n\n\n<p class=\"wp-block-paragraph\">W roku szkolnym 2026\/2027 III Liceum Og\u00f3lnokszta\u0142c\u0105ce organizuje nast\u0119puj\u0105ce klasy:<\/p>\n\n\n\n<ul class=\"wp-block-list\">\n<li><strong>Matematyczna z j\u0119zykiem angielskim<\/strong>\u2013 rozszerzenia: <strong>obowi\u0105zkowe- matematyka<\/strong>, do wyboru: fizyka\/geografia oraz j. angielski\/informatyka dodatkowo program wzbogacony o\u00a0 elementy matematyki wy\u017cszej, obliczenia fizyczne i warsztaty na Wydziale Techniczno- In\u017cynieryjnym Politechniki Wroc\u0142awskiej w Wa\u0142brzychu, wsp\u00f3\u0142praca z S\u0105dem Rejonowym w Wa\u0142brzychu<\/li>\n<\/ul>\n\n\n\n<p class=\"wp-block-paragraph\">Wybierz j\u0105 je\u015bli:<\/p>\n\n\n\n<p class=\"wp-block-paragraph\">LUBISZ rozwi\u0105zywa\u0107 zagadki logiczne i gra\u0107 na komputerze<br>INTERESUJESZ SI\u0118 naukami \u015bcis\u0142ymi, gwiazdami, programowaniem, tajnikami prawa<br>POTRAFISZ my\u015ble\u0107 logicznie, jeste\u015b metodyczny i uporz\u0105dkowany<br>W PRZYSZ\u0141O\u015aCI chcesz studiowa\u0107 na politechnice, uniwersytecie, zosta\u0107 informatykiem, mechanikiem, in\u017cynierem budownictwa, elektronikiem, fizykiem, astronomem, a tak\u017ce my\u015blisz o prawie<\/p>\n\n\n\n<ul class=\"wp-block-list\">\n<li><strong> Biologiczno-chemiczna<\/strong>\u00a0\u2013 rozszerzenia: <strong>obowi\u0105zkowe- biologia<\/strong>, do wyboru- chemia\/ fizyka oraz j\u0119zyk angielski\/ matematyka, dodatkowo, ekologia i cz\u0142owiek, podstawy chemii i \u00a0zaj\u0119cia z biologii i chemii w laboratorium Akademii Nauka Stosowanych im. Angeliusa Silesiusa<\/li>\n<\/ul>\n\n\n\n<p class=\"wp-block-paragraph\">Wybierz j\u0105 je\u015bli:<\/p>\n\n\n\n<p class=\"wp-block-paragraph\">LUBISZ przyrod\u0119, biologi\u0119, chemi\u0119, eksperymentowa\u0107<br>INTERESUJESZ SI\u0118 zjawiskami przyrodniczymi, niezwyk\u0142ym \u015bwiatem przyrody<br>POTRAFISZ logicznie my\u015ble\u0107, tw\u00f3rczo rozwi\u0105zywa\u0107 problemy<br>W PRZYSZ\u0141O\u015aCI chcesz zosta\u0107 lekarzem, piel\u0119gniark\u0105, kosmetologiem, biologiem, ekologiem, psychologiem klinicznym, biotechnologiem, studiowa\u0107 na Uniwersytecie Przyrodniczym, Medycznym<\/p>\n\n\n\n<ul class=\"wp-block-list\">\n<li><strong>Humanistyczno-artystyczna z edukacj\u0105 muzyczn\u0105 i teatraln\u0105 (2 klasy)<\/strong>\u2013 rozszerzenia: <strong>obowi\u0105zkowe- j. polski<\/strong> do wyboru- historia\/ wiedza o spo\u0142ecze\u0144stwie oraz j\u0119zyk angielski\/ geografia dodatkowo\u00a0 zaj\u0119cia z historii teatru i dramatu polskiego i powszechnego, historia muzyki. Wsp\u00f3\u0142praca z Filharmoni\u0105 Sudeck\u0105, Teatrem Dramatycznym, Uniwersytetem Wroc\u0142awskim i S\u0105dem Rejonowym w Wa\u0142brzychu<\/li>\n<\/ul>\n\n\n\n<p class=\"wp-block-paragraph\">Wybierz j\u0105 je\u015bli:<br>LUBISZ czyta\u0107 ksi\u0105\u017cki, chodzi\u0107 do teatru, kina, rozmawia\u0107 o sztuce, wyst\u0119powa\u0107 w teatrze, robi\u0107 zdj\u0119cia, \u015bpiewa\u0107, gra\u0107 na instrumentach, jeste\u015b tw\u00f3rczy<br>INTERESUJESZ SI\u0118 kultur\u0105, sztuk\u0105, kinematografi\u0105, literatur\u0105<br>POTRAFISZ \u015bpiewa\u0107, malowa\u0107, gra\u0107 na instrumentach<br>W PRZYSZ\u0141O\u015aCI chcesz studiowa\u0107 na uniwersytecie, by\u0107 historykiem,<br>filologiem, prawnikiem, psychologiem, historykiem sztuki, kulturoznawc\u0105, aktorem<\/p>\n\n\n\n<ul class=\"wp-block-list\">\n<li><strong>Humanistyczna z edukacj\u0105 prawn\u0105- <\/strong>rozszerzenia : <strong>obowi\u0105zkowe- historia, <\/strong>do wyboru j\u0119zyk polski\/wiedza o spo\u0142ecze\u0144stwie oraz matematyka\/geografia, zaj\u0119ci z prawa w kulturze i historii, geografii politycznej, oraz my\u015bli politycznej. Wsp\u00f3\u0142praca z S\u0105dem Rejonowym w Wa\u0142brzychu, symulacja rozpraw s\u0105dowych, wsp\u00f3\u0142praca z Uniwersytetem Wroc\u0142awskim wydzia\u0142em Politologii.<\/li>\n<\/ul>\n\n\n\n<p class=\"wp-block-paragraph\">Wybierz j\u0105 je\u015bli:<br>LUBISZ czyta\u0107 ksi\u0105\u017cki, anga\u017cowa\u0107 si\u0119 w akcje spo\u0142eczne, prawne<br>INTERESUJESZ SI\u0118 kultur\u0105, polityk\u0105, prawem, debatami<br>POTRAFISZ logicznie my\u015ble\u0107, jeste\u015b m\u00f3wc\u0105,<br>W PRZYSZ\u0141O\u015aCI chcesz studiowa\u0107 na uniwersytecie, by\u0107 historykiem, politykiem,<br>filologiem, prawnikiem, psychologiem, mediatorem<\/p>\n\n\n\n<p class=\"wp-block-paragraph\">W ka\u017cdym profilu istnieje mo\u017cliwo\u015b\u0107 nauki dw\u00f3ch j\u0119zyk\u00f3w obcych, spo\u015br\u00f3d:&nbsp;&nbsp;&nbsp;&nbsp;&nbsp;&nbsp;&nbsp;<\/p>\n\n\n\n<p class=\"wp-block-paragraph\">&nbsp;<strong>j. angielski,&nbsp; j. niemiecki, j. francuski, j. rosyjski.<\/strong><\/p>\n\n\n\n<p class=\"wp-block-paragraph\">III Liceum Og\u00f3lnokszta\u0142c\u0105ce wsp\u00f3\u0142pracuje z Wydzia\u0142em Nauk Spo\u0142ecznych, Wydzia\u0142em Prawa, Administracji i Ekonomii Uniwersytetu Wroc\u0142awskiego, ANS Angeliusa Silesiusa w Wa\u0142brzychu, Teatrem Dramatycznym w Wa\u0142brzychu, Filharmoni\u0105 Sudeck\u0105, S\u0105dem Rejonowym w Wa\u0142brzychu, Aresztem \u015aledczym w Wa\u0142brzychu, Teatrem Lalki i Aktora w Wa\u0142brzychu.<\/p>\n\n\n\n<p class=\"wp-block-paragraph\"><strong>O liczbie poszczeg\u00f3lnych klas decydowa\u0107 b\u0119dzie liczba zainteresowanych uczni\u00f3w<\/strong><\/p>\n","protected":false},"excerpt":{"rendered":"<p>Oferta III Liceum Og\u00f3lnokszta\u0142c\u0105cego im. Miko\u0142aja Kopernika w Wa\u0142brzychu W roku szkolnym 2026\/2027 III Liceum Og\u00f3lnokszta\u0142c\u0105ce organizuje nast\u0119puj\u0105ce klasy: Wybierz j\u0105 je\u015bli: LUBISZ rozwi\u0105zywa\u0107 zagadki logiczne i gra\u0107 na komputerzeINTERESUJESZ SI\u0118 naukami \u015bcis\u0142ymi, gwiazdami, programowaniem, tajnikami prawaPOTRAFISZ my\u015ble\u0107 logicznie, jeste\u015b metodyczny i uporz\u0105dkowanyW PRZYSZ\u0141O\u015aCI chcesz studiowa\u0107 na politechnice, uniwersytecie, zosta\u0107 informatykiem, mechanikiem, in\u017cynierem budownictwa, elektronikiem, [&hellip;]<\/p>\n","protected":false},"author":1,"featured_media":0,"parent":0,"menu_order":0,"comment_status":"closed","ping_status":"closed","template":"","meta":{"footnotes":""},"class_list":["post-3711","page","type-page","status-publish","hentry"],"yoast_head":"<!-- This site is optimized with the Yoast SEO plugin v28.4 - https:\/\/yoast.com\/product\/yoast-seo-wordpress\/ -->\n<title>Oferta szko\u0142y - III Liceum Og\u00f3lnokszta\u0142c\u0105ce im. Miko\u0142aja Kopernika<\/title>\n<meta name=\"robots\" content=\"index, follow, max-snippet:-1, max-image-preview:large, max-video-preview:-1\" \/>\n<link rel=\"canonical\" href=\"https:\/\/www.3lo.walbrzych.pl\/wordpress\/oferta-szkoly\/\" \/>\n<meta property=\"og:locale\" content=\"pl_PL\" \/>\n<meta property=\"og:type\" content=\"article\" \/>\n<meta property=\"og:title\" content=\"Oferta szko\u0142y - III Liceum Og\u00f3lnokszta\u0142c\u0105ce im. Miko\u0142aja Kopernika\" \/>\n<meta property=\"og:description\" content=\"Oferta III Liceum Og\u00f3lnokszta\u0142c\u0105cego im. Miko\u0142aja Kopernika w Wa\u0142brzychu W roku szkolnym 2026\/2027 III Liceum Og\u00f3lnokszta\u0142c\u0105ce organizuje nast\u0119puj\u0105ce klasy: Wybierz j\u0105 je\u015bli: LUBISZ rozwi\u0105zywa\u0107 zagadki logiczne i gra\u0107 na komputerzeINTERESUJESZ SI\u0118 naukami \u015bcis\u0142ymi, gwiazdami, programowaniem, tajnikami prawaPOTRAFISZ my\u015ble\u0107 logicznie, jeste\u015b metodyczny i uporz\u0105dkowanyW PRZYSZ\u0141O\u015aCI chcesz studiowa\u0107 na politechnice, uniwersytecie, zosta\u0107 informatykiem, mechanikiem, in\u017cynierem budownictwa, elektronikiem, [&hellip;]\" \/>\n<meta property=\"og:url\" content=\"https:\/\/www.3lo.walbrzych.pl\/wordpress\/oferta-szkoly\/\" \/>\n<meta property=\"og:site_name\" content=\"III Liceum Og\u00f3lnokszta\u0142c\u0105ce im. Miko\u0142aja Kopernika\" \/>\n<meta property=\"article:modified_time\" content=\"2026-05-26T08:24:18+00:00\" \/>\n<meta name=\"twitter:card\" content=\"summary_large_image\" \/>\n<meta name=\"twitter:label1\" content=\"Szacowany czas czytania\" \/>\n\t<meta name=\"twitter:data1\" content=\"3 minuty\" \/>\n<script type=\"application\/ld+json\" class=\"yoast-schema-graph\">{\"@context\":\"https:\\\/\\\/schema.org\",\"@graph\":[{\"@type\":\"WebPage\",\"@id\":\"https:\\\/\\\/www.3lo.walbrzych.pl\\\/wordpress\\\/oferta-szkoly\\\/\",\"url\":\"https:\\\/\\\/www.3lo.walbrzych.pl\\\/wordpress\\\/oferta-szkoly\\\/\",\"name\":\"Oferta szko\u0142y - III Liceum Og\u00f3lnokszta\u0142c\u0105ce im. Miko\u0142aja Kopernika\",\"isPartOf\":{\"@id\":\"https:\\\/\\\/www.3lo.walbrzych.pl\\\/wordpress\\\/#website\"},\"datePublished\":\"2019-02-06T13:42:18+00:00\",\"dateModified\":\"2026-05-26T08:24:18+00:00\",\"breadcrumb\":{\"@id\":\"https:\\\/\\\/www.3lo.walbrzych.pl\\\/wordpress\\\/oferta-szkoly\\\/#breadcrumb\"},\"inLanguage\":\"pl-PL\",\"potentialAction\":[{\"@type\":\"ReadAction\",\"target\":[\"https:\\\/\\\/www.3lo.walbrzych.pl\\\/wordpress\\\/oferta-szkoly\\\/\"]}]},{\"@type\":\"BreadcrumbList\",\"@id\":\"https:\\\/\\\/www.3lo.walbrzych.pl\\\/wordpress\\\/oferta-szkoly\\\/#breadcrumb\",\"itemListElement\":[{\"@type\":\"ListItem\",\"position\":1,\"name\":\"Strona g\u0142\u00f3wna\",\"item\":\"https:\\\/\\\/www.3lo.walbrzych.pl\\\/wordpress\\\/\"},{\"@type\":\"ListItem\",\"position\":2,\"name\":\"Oferta szko\u0142y\"}]},{\"@type\":\"WebSite\",\"@id\":\"https:\\\/\\\/www.3lo.walbrzych.pl\\\/wordpress\\\/#website\",\"url\":\"https:\\\/\\\/www.3lo.walbrzych.pl\\\/wordpress\\\/\",\"name\":\"III Liceum Og\u00f3lnokszta\u0142c\u0105ce im. Miko\u0142aja Kopernika\",\"description\":\"\",\"publisher\":{\"@id\":\"https:\\\/\\\/www.3lo.walbrzych.pl\\\/wordpress\\\/#organization\"},\"potentialAction\":[{\"@type\":\"SearchAction\",\"target\":{\"@type\":\"EntryPoint\",\"urlTemplate\":\"https:\\\/\\\/www.3lo.walbrzych.pl\\\/wordpress\\\/?s={search_term_string}\"},\"query-input\":{\"@type\":\"PropertyValueSpecification\",\"valueRequired\":true,\"valueName\":\"search_term_string\"}}],\"inLanguage\":\"pl-PL\"},{\"@type\":\"Organization\",\"@id\":\"https:\\\/\\\/www.3lo.walbrzych.pl\\\/wordpress\\\/#organization\",\"name\":\"III Liceum Og\u00f3lnokszta\u0142c\u0105ce im. Miko\u0142aja Kopernika\",\"url\":\"https:\\\/\\\/www.3lo.walbrzych.pl\\\/wordpress\\\/\",\"logo\":{\"@type\":\"ImageObject\",\"inLanguage\":\"pl-PL\",\"@id\":\"https:\\\/\\\/www.3lo.walbrzych.pl\\\/wordpress\\\/#\\\/schema\\\/logo\\\/image\\\/\",\"url\":\"https:\\\/\\\/www.3lo.walbrzych.pl\\\/wordpress\\\/wp-content\\\/uploads\\\/2025\\\/09\\\/logo-szkoly-scaled.jpg\",\"contentUrl\":\"https:\\\/\\\/www.3lo.walbrzych.pl\\\/wordpress\\\/wp-content\\\/uploads\\\/2025\\\/09\\\/logo-szkoly-scaled.jpg\",\"width\":2560,\"height\":914,\"caption\":\"III Liceum Og\u00f3lnokszta\u0142c\u0105ce im. Miko\u0142aja Kopernika\"},\"image\":{\"@id\":\"https:\\\/\\\/www.3lo.walbrzych.pl\\\/wordpress\\\/#\\\/schema\\\/logo\\\/image\\\/\"}}]}<\/script>\n<!-- \/ Yoast SEO plugin. -->","yoast_head_json":{"title":"Oferta szko\u0142y - III Liceum Og\u00f3lnokszta\u0142c\u0105ce im. Miko\u0142aja Kopernika","robots":{"index":"index","follow":"follow","max-snippet":"max-snippet:-1","max-image-preview":"max-image-preview:large","max-video-preview":"max-video-preview:-1"},"canonical":"https:\/\/www.3lo.walbrzych.pl\/wordpress\/oferta-szkoly\/","og_locale":"pl_PL","og_type":"article","og_title":"Oferta szko\u0142y - III Liceum Og\u00f3lnokszta\u0142c\u0105ce im. Miko\u0142aja Kopernika","og_description":"Oferta III Liceum Og\u00f3lnokszta\u0142c\u0105cego im. Miko\u0142aja Kopernika w Wa\u0142brzychu W roku szkolnym 2026\/2027 III Liceum Og\u00f3lnokszta\u0142c\u0105ce organizuje nast\u0119puj\u0105ce klasy: Wybierz j\u0105 je\u015bli: LUBISZ rozwi\u0105zywa\u0107 zagadki logiczne i gra\u0107 na komputerzeINTERESUJESZ SI\u0118 naukami \u015bcis\u0142ymi, gwiazdami, programowaniem, tajnikami prawaPOTRAFISZ my\u015ble\u0107 logicznie, jeste\u015b metodyczny i uporz\u0105dkowanyW PRZYSZ\u0141O\u015aCI chcesz studiowa\u0107 na politechnice, uniwersytecie, zosta\u0107 informatykiem, mechanikiem, in\u017cynierem budownictwa, elektronikiem, [&hellip;]","og_url":"https:\/\/www.3lo.walbrzych.pl\/wordpress\/oferta-szkoly\/","og_site_name":"III Liceum Og\u00f3lnokszta\u0142c\u0105ce im. Miko\u0142aja Kopernika","article_modified_time":"2026-05-26T08:24:18+00:00","twitter_card":"summary_large_image","twitter_misc":{"Szacowany czas czytania":"3 minuty"},"schema":{"@context":"https:\/\/schema.org","@graph":[{"@type":"WebPage","@id":"https:\/\/www.3lo.walbrzych.pl\/wordpress\/oferta-szkoly\/","url":"https:\/\/www.3lo.walbrzych.pl\/wordpress\/oferta-szkoly\/","name":"Oferta szko\u0142y - III Liceum Og\u00f3lnokszta\u0142c\u0105ce im. Miko\u0142aja Kopernika","isPartOf":{"@id":"https:\/\/www.3lo.walbrzych.pl\/wordpress\/#website"},"datePublished":"2019-02-06T13:42:18+00:00","dateModified":"2026-05-26T08:24:18+00:00","breadcrumb":{"@id":"https:\/\/www.3lo.walbrzych.pl\/wordpress\/oferta-szkoly\/#breadcrumb"},"inLanguage":"pl-PL","potentialAction":[{"@type":"ReadAction","target":["https:\/\/www.3lo.walbrzych.pl\/wordpress\/oferta-szkoly\/"]}]},{"@type":"BreadcrumbList","@id":"https:\/\/www.3lo.walbrzych.pl\/wordpress\/oferta-szkoly\/#breadcrumb","itemListElement":[{"@type":"ListItem","position":1,"name":"Strona g\u0142\u00f3wna","item":"https:\/\/www.3lo.walbrzych.pl\/wordpress\/"},{"@type":"ListItem","position":2,"name":"Oferta szko\u0142y"}]},{"@type":"WebSite","@id":"https:\/\/www.3lo.walbrzych.pl\/wordpress\/#website","url":"https:\/\/www.3lo.walbrzych.pl\/wordpress\/","name":"III Liceum Og\u00f3lnokszta\u0142c\u0105ce im. Miko\u0142aja Kopernika","description":"","publisher":{"@id":"https:\/\/www.3lo.walbrzych.pl\/wordpress\/#organization"},"potentialAction":[{"@type":"SearchAction","target":{"@type":"EntryPoint","urlTemplate":"https:\/\/www.3lo.walbrzych.pl\/wordpress\/?s={search_term_string}"},"query-input":{"@type":"PropertyValueSpecification","valueRequired":true,"valueName":"search_term_string"}}],"inLanguage":"pl-PL"},{"@type":"Organization","@id":"https:\/\/www.3lo.walbrzych.pl\/wordpress\/#organization","name":"III Liceum Og\u00f3lnokszta\u0142c\u0105ce im. Miko\u0142aja Kopernika","url":"https:\/\/www.3lo.walbrzych.pl\/wordpress\/","logo":{"@type":"ImageObject","inLanguage":"pl-PL","@id":"https:\/\/www.3lo.walbrzych.pl\/wordpress\/#\/schema\/logo\/image\/","url":"https:\/\/www.3lo.walbrzych.pl\/wordpress\/wp-content\/uploads\/2025\/09\/logo-szkoly-scaled.jpg","contentUrl":"https:\/\/www.3lo.walbrzych.pl\/wordpress\/wp-content\/uploads\/2025\/09\/logo-szkoly-scaled.jpg","width":2560,"height":914,"caption":"III Liceum Og\u00f3lnokszta\u0142c\u0105ce im. Miko\u0142aja Kopernika"},"image":{"@id":"https:\/\/www.3lo.walbrzych.pl\/wordpress\/#\/schema\/logo\/image\/"}}]}},"_links":{"self":[{"href":"https:\/\/www.3lo.walbrzych.pl\/wordpress\/wp-json\/wp\/v2\/pages\/3711","targetHints":{"allow":["GET"]}}],"collection":[{"href":"https:\/\/www.3lo.walbrzych.pl\/wordpress\/wp-json\/wp\/v2\/pages"}],"about":[{"href":"https:\/\/www.3lo.walbrzych.pl\/wordpress\/wp-json\/wp\/v2\/types\/page"}],"author":[{"embeddable":true,"href":"https:\/\/www.3lo.walbrzych.pl\/wordpress\/wp-json\/wp\/v2\/users\/1"}],"replies":[{"embeddable":true,"href":"https:\/\/www.3lo.walbrzych.pl\/wordpress\/wp-json\/wp\/v2\/comments?post=3711"}],"version-history":[{"count":13,"href":"https:\/\/www.3lo.walbrzych.pl\/wordpress\/wp-json\/wp\/v2\/pages\/3711\/revisions"}],"predecessor-version":[{"id":8458,"href":"https:\/\/www.3lo.walbrzych.pl\/wordpress\/wp-json\/wp\/v2\/pages\/3711\/revisions\/8458"}],"wp:attachment":[{"href":"https:\/\/www.3lo.walbrzych.pl\/wordpress\/wp-json\/wp\/v2\/media?parent=3711"}],"curies":[{"name":"wp","href":"https:\/\/api.w.org\/{rel}","templated":true}]}}