{"id":413,"date":"2015-09-10T00:43:42","date_gmt":"2015-09-09T22:43:42","guid":{"rendered":"http:\/\/www.3lo.walbrzych.pl\/wordpress\/?page_id=413"},"modified":"2026-09-03T16:00:19","modified_gmt":"2026-09-03T14:00:19","slug":"nauczyciele","status":"publish","type":"page","link":"https:\/\/www.3lo.walbrzych.pl\/wordpress\/nauczyciele\/","title":{"rendered":"Nauczyciele"},"content":{"rendered":"\n<p class=\"wp-block-paragraph\"><strong>Dyrektor<\/strong><\/p>\n\n\n\n<p class=\"wp-block-paragraph\">mgr in\u017c. Joanna Dominiak<\/p>\n\n\n\n<p class=\"wp-block-paragraph\"><strong>Wicedyrektor&nbsp;<\/strong><\/p>\n\n\n\n<p class=\"wp-block-paragraph\">mgr Katarzyna Danych<\/p>\n\n\n\n<p class=\"wp-block-paragraph\"><strong>Kadra pedagogiczna<\/strong><\/p>\n\n\n\n<p class=\"wp-block-paragraph\"><strong>J\u0119zyk polski<\/strong><\/p>\n\n\n\n<p class=\"wp-block-paragraph\">mgr Sylwia B\u0142aszczyk<\/p>\n\n\n\n<p class=\"wp-block-paragraph\">mgr Emilia Molenda<\/p>\n\n\n\n<p class=\"wp-block-paragraph\">mgr Katarzyna Rutkowska<\/p>\n\n\n\n<p class=\"wp-block-paragraph\">dr Tomasz Smejlis<\/p>\n\n\n\n<p class=\"wp-block-paragraph\">mgr Marlena Solecka<\/p>\n\n\n\n<p class=\"wp-block-paragraph\"><strong>J\u0119zyk angielski<\/strong><\/p>\n\n\n\n<p class=\"wp-block-paragraph\">mgr Marta Byzdra<\/p>\n\n\n\n<p class=\"wp-block-paragraph\">mgr Micha\u0142 Cetera<\/p>\n\n\n\n<p class=\"wp-block-paragraph\">mgr in\u017c. Jacek Florczak<\/p>\n\n\n\n<p class=\"wp-block-paragraph\">mgr Marzena Jerczy\u0144ska<\/p>\n\n\n\n<p class=\"wp-block-paragraph\">mgr Joanna Kami\u0144ska<\/p>\n\n\n\n<p class=\"wp-block-paragraph\">mgr Urszula Michalska<\/p>\n\n\n\n<p class=\"wp-block-paragraph\">mgr Joanna Warcaba<\/p>\n\n\n\n<p class=\"wp-block-paragraph\"><strong>J\u0119zyk niemiecki<\/strong><\/p>\n\n\n\n<p class=\"wp-block-paragraph\">mgr Jolanta Bali\u0144ska<\/p>\n\n\n\n<p class=\"wp-block-paragraph\">mgr Sylwia Cieloszyk<\/p>\n\n\n\n<p class=\"wp-block-paragraph\">mgr Joanna Obuchowska-Oleksy<\/p>\n\n\n\n<p class=\"wp-block-paragraph\"><strong>J\u0119zyk francuski<\/strong><\/p>\n\n\n\n<p class=\"wp-block-paragraph\">mgr Izabela Tymiak<\/p>\n\n\n\n<p class=\"wp-block-paragraph\"><strong>J\u0119zyk rosyjski<\/strong><\/p>\n\n\n\n<p class=\"wp-block-paragraph\">mgr Lena Gajewska<\/p>\n\n\n\n<p class=\"wp-block-paragraph\"><strong>Historia<\/strong><\/p>\n\n\n\n<p class=\"wp-block-paragraph\">mgr Beata Bartusik<\/p>\n\n\n\n<p class=\"wp-block-paragraph\">mgr Renata Niemiec<\/p>\n\n\n\n<p class=\"wp-block-paragraph\">mgr Micha\u0142 Gadzi\u0144ski<\/p>\n\n\n\n<p class=\"wp-block-paragraph\"><strong>Edukacja obywatelska<\/strong><\/p>\n\n\n\n<p class=\"wp-block-paragraph\">mgr Micha\u0142 Gadzi\u0144ski<\/p>\n\n\n\n<p class=\"wp-block-paragraph\">dr Jakub J\u00f3\u017awiak di Marcantonio<\/p>\n\n\n\n<p class=\"wp-block-paragraph\"><strong>Wiedza o spo\u0142ecze\u0144stwie<\/strong><\/p>\n\n\n\n<p class=\"wp-block-paragraph\">dr Jakub J\u00f3\u017awiak-di Marcantonio<\/p>\n\n\n\n<p class=\"wp-block-paragraph\"><strong>Biologia<\/strong><\/p>\n\n\n\n<p class=\"wp-block-paragraph\">mgr Irina Kryvulchenko<\/p>\n\n\n\n<p class=\"wp-block-paragraph\">mgr in\u017c. Anna Pierzchnica<\/p>\n\n\n\n<p class=\"wp-block-paragraph\"><strong>Chemia<\/strong><\/p>\n\n\n\n<p class=\"wp-block-paragraph\">mgr in\u017c. Joanna Dominiak<\/p>\n\n\n\n<p class=\"wp-block-paragraph\">Angelika Skibi\u0144ska<\/p>\n\n\n\n<p class=\"wp-block-paragraph\">ks. mgr Sebastian Tomaszewski<\/p>\n\n\n\n<p class=\"wp-block-paragraph\"><strong>Geografia<\/strong><\/p>\n\n\n\n<p class=\"wp-block-paragraph\">mgr Daniel Guzik<\/p>\n\n\n\n<p class=\"wp-block-paragraph\">mgr Irina Kryvulchenko<\/p>\n\n\n\n<p class=\"wp-block-paragraph\"><strong>Fizyka<\/strong><\/p>\n\n\n\n<p class=\"wp-block-paragraph\">mgr Grzegorz Kogut<\/p>\n\n\n\n<p class=\"wp-block-paragraph\"><strong>Matematyka<\/strong><\/p>\n\n\n\n<p class=\"wp-block-paragraph\">mgr Beata Kasperek<\/p>\n\n\n\n<p class=\"wp-block-paragraph\">mgr Ma\u0142gorzata Rolka<\/p>\n\n\n\n<p class=\"wp-block-paragraph\">mgr Barbara Tarasek<\/p>\n\n\n\n<p class=\"wp-block-paragraph\">mgr Jolanta \u017baba<\/p>\n\n\n\n<p class=\"wp-block-paragraph\"><strong>Informatyka<\/strong><\/p>\n\n\n\n<p class=\"wp-block-paragraph\">mgr Krystyna Cybulska<\/p>\n\n\n\n<p class=\"wp-block-paragraph\">mgr Joanna Obuchowska-Oleksy<\/p>\n\n\n\n<p class=\"wp-block-paragraph\">mgr Danuta Rysak<\/p>\n\n\n\n<p class=\"wp-block-paragraph\"><strong>Podstawy przedsi\u0119biorczo\u015bci<\/strong><\/p>\n\n\n\n<p class=\"wp-block-paragraph\">mgr Jolanta Bali\u0144ska<\/p>\n\n\n\n<p class=\"wp-block-paragraph\"><strong>Edukacja dla bezpiecze\u0144stwa<\/strong><\/p>\n\n\n\n<p class=\"wp-block-paragraph\">mgr Jolanta Bali\u0144ska<\/p>\n\n\n\n<p class=\"wp-block-paragraph\"><strong>Muzyka<\/strong><\/p>\n\n\n\n<p class=\"wp-block-paragraph\">mgr Krystyna Cybulska<\/p>\n\n\n\n<p class=\"wp-block-paragraph\"><strong>Wychowanie fizyczne<\/strong><\/p>\n\n\n\n<p class=\"wp-block-paragraph\">mgr Iwona Ankerska<\/p>\n\n\n\n<p class=\"wp-block-paragraph\">mgr Dorota Drapa\u0142a<\/p>\n\n\n\n<p class=\"wp-block-paragraph\">mgr Marcin Kwiatkowski<\/p>\n\n\n\n<p class=\"wp-block-paragraph\">mgr Maciej Le\u0144ski<\/p>\n\n\n\n<p class=\"wp-block-paragraph\">mgr Zofia \u0141atka<\/p>\n\n\n\n<p class=\"wp-block-paragraph\">mgr Micha\u0142 Nadzieja<\/p>\n\n\n\n<p class=\"wp-block-paragraph\"><strong>Religia<\/strong><\/p>\n\n\n\n<p class=\"wp-block-paragraph\">ks. mgr Sebastian Tomaszewski<\/p>\n\n\n\n<p class=\"wp-block-paragraph\"><strong>Ekologia i ochrona \u015brodowiska\/Ekologia i cz\u0142owiek<\/strong><\/p>\n\n\n\n<p class=\"wp-block-paragraph\">mgr in\u017c. Anna Pierzchnica<\/p>\n\n\n\n<p class=\"wp-block-paragraph\"><strong>Elementy matematyki wy\u017cszej<\/strong><\/p>\n\n\n\n<p class=\"wp-block-paragraph\">mgr Jolanta \u017baba<\/p>\n\n\n\n<p class=\"wp-block-paragraph\"><strong>Geografia polityczna<\/strong><\/p>\n\n\n\n<p class=\"wp-block-paragraph\">mgr Daniel Guzik<\/p>\n\n\n\n<p class=\"wp-block-paragraph\"><strong>Podstawy chemii<\/strong><\/p>\n\n\n\n<p class=\"wp-block-paragraph\">mgr Angelika Skibi\u0144ska<\/p>\n\n\n\n<p class=\"wp-block-paragraph\"><strong>Prawo w kulturze i historii<\/strong><\/p>\n\n\n\n<p class=\"wp-block-paragraph\"><strong>mgr Sylwia B\u0142aszczyk<\/strong><\/p>\n\n\n\n<p class=\"wp-block-paragraph\"><strong>Historia muzyki<\/strong><\/p>\n\n\n\n<p class=\"wp-block-paragraph\">mgr Krystyna Cybulska<\/p>\n\n\n\n<p class=\"wp-block-paragraph\"><strong>Historia dramatu w literaturze polskiej i powszechnej<\/strong><\/p>\n\n\n\n<p class=\"wp-block-paragraph\">mgr Emilia Molenda<\/p>\n\n\n\n<p class=\"wp-block-paragraph\"><strong>Mediacja i komunikacja<\/strong><\/p>\n\n\n\n<p class=\"wp-block-paragraph\">mgr Sylwia B\u0142aszczyk<\/p>\n\n\n\n<p class=\"wp-block-paragraph\"><strong>My\u015bl polityczna<\/strong><\/p>\n\n\n\n<p class=\"wp-block-paragraph\">dr Jakub J\u00f3\u017awiak-di Marcantonio<\/p>\n\n\n\n<p class=\"wp-block-paragraph\"><strong>Podstawy chemii<\/strong><\/p>\n\n\n\n<p class=\"wp-block-paragraph\">mgr Edyta Radomska<\/p>\n\n\n\n<p class=\"wp-block-paragraph\"><strong>Specjalistyczny j\u0119zyk angielski<\/strong><\/p>\n\n\n\n<p class=\"wp-block-paragraph\">mgr Micha\u0142 Cetera<\/p>\n\n\n\n<p class=\"wp-block-paragraph\"><strong>Biblioteka<\/strong><\/p>\n\n\n\n<p class=\"wp-block-paragraph\">mgr \u0141ucja Jarosz-Osojca<\/p>\n\n\n\n<p class=\"wp-block-paragraph\"><strong>Psycholog<\/strong><\/p>\n\n\n\n<p class=\"wp-block-paragraph\">mgr Katarzyna Danych<\/p>\n\n\n\n<p class=\"wp-block-paragraph\">mgr Joanna Zawisza-Smejlis<\/p>\n\n\n\n<p class=\"wp-block-paragraph\"><strong>Pedagog<\/strong><\/p>\n\n\n\n<p class=\"wp-block-paragraph\">mgr Justyna Boczo\u0144<\/p>\n\n\n\n<p class=\"wp-block-paragraph\">mgr El\u017cbieta Frankiewicz<\/p>\n\n\n\n<p class=\"wp-block-paragraph\">mgr Artur Sta\u015bkiewicz<\/p>\n\n\n\n<p class=\"wp-block-paragraph\"><strong>Nauczyciel wsp\u00f3\u0142organizuj\u0105cy<\/strong><\/p>\n\n\n\n<p class=\"wp-block-paragraph\">mgr Joanna Gaik<\/p>\n\n\n\n<p class=\"wp-block-paragraph\">mgr Joanna Obuchowska-Oleksy<\/p>\n\n\n\n<p class=\"wp-block-paragraph\">mgr Artur Sta\u015bkiewicz<\/p>\n\n\n\n<p class=\"wp-block-paragraph\">mgr Sylwia Stefaniuk<\/p>\n\n\n\n<p class=\"wp-block-paragraph\">mgr Joanna Ulewicz<\/p>\n\n\n\n<p class=\"wp-block-paragraph\">mgr Anna Walczyk<\/p>\n\n\n\n<p class=\"wp-block-paragraph\">mgr Joanna Zawisza-Smejlis<\/p>\n\n\n\n<p class=\"wp-block-paragraph\"><strong>Rewalidacja<\/strong><\/p>\n\n\n\n<p class=\"wp-block-paragraph\">mgr Justyna Boczo\u0144<\/p>\n\n\n\n<p class=\"wp-block-paragraph\">mgr Marta Byzdra<\/p>\n\n\n\n<p class=\"wp-block-paragraph\">mgr El\u017cbieta Frankiewicz<\/p>\n\n\n\n<p class=\"wp-block-paragraph\">mgr Joanna Gaik<\/p>\n\n\n\n<p class=\"wp-block-paragraph\">mgr Joanna Obuchowska-Oleksy<\/p>\n\n\n\n<p class=\"wp-block-paragraph\">mgr Artur Sta\u015bkiewicz<\/p>\n\n\n\n<p class=\"wp-block-paragraph\">mgr Sylwia Stefaniuk<\/p>\n\n\n\n<p class=\"wp-block-paragraph\">mgr Barbara Tarasek<\/p>\n\n\n\n<p class=\"wp-block-paragraph\">mgr Joanna Ulewicz<\/p>\n\n\n\n<p class=\"wp-block-paragraph\">mgr Anna Walczyk<\/p>\n\n\n\n<p class=\"wp-block-paragraph\">mgr Joanna Zawisza-Smejlis<\/p>\n\n\n\n<p class=\"wp-block-paragraph\"><\/p>\n","protected":false},"excerpt":{"rendered":"<p>Dyrektor mgr in\u017c. Joanna Dominiak Wicedyrektor&nbsp; mgr Katarzyna Danych Kadra pedagogiczna J\u0119zyk polski mgr Sylwia B\u0142aszczyk mgr Emilia Molenda mgr Katarzyna Rutkowska dr Tomasz Smejlis mgr Marlena Solecka J\u0119zyk angielski mgr Marta Byzdra mgr Micha\u0142 Cetera mgr in\u017c. Jacek Florczak mgr Marzena Jerczy\u0144ska mgr Joanna Kami\u0144ska mgr Urszula Michalska mgr Joanna Warcaba J\u0119zyk niemiecki mgr [&hellip;]<\/p>\n","protected":false},"author":4,"featured_media":0,"parent":0,"menu_order":0,"comment_status":"open","ping_status":"open","template":"","meta":{"footnotes":""},"class_list":["post-413","page","type-page","status-publish","hentry"],"yoast_head":"<!-- This site is optimized with the Yoast SEO plugin v28.4 - https:\/\/yoast.com\/product\/yoast-seo-wordpress\/ -->\n<title>Nauczyciele - III Liceum Og\u00f3lnokszta\u0142c\u0105ce im. Miko\u0142aja Kopernika<\/title>\n<meta name=\"robots\" content=\"index, follow, max-snippet:-1, max-image-preview:large, max-video-preview:-1\" \/>\n<link rel=\"canonical\" href=\"https:\/\/www.3lo.walbrzych.pl\/wordpress\/nauczyciele\/\" \/>\n<meta property=\"og:locale\" content=\"pl_PL\" \/>\n<meta property=\"og:type\" content=\"article\" \/>\n<meta property=\"og:title\" content=\"Nauczyciele - III Liceum Og\u00f3lnokszta\u0142c\u0105ce im. Miko\u0142aja Kopernika\" \/>\n<meta property=\"og:description\" content=\"Dyrektor mgr in\u017c. Joanna Dominiak Wicedyrektor&nbsp; mgr Katarzyna Danych Kadra pedagogiczna J\u0119zyk polski mgr Sylwia B\u0142aszczyk mgr Emilia Molenda mgr Katarzyna Rutkowska dr Tomasz Smejlis mgr Marlena Solecka J\u0119zyk angielski mgr Marta Byzdra mgr Micha\u0142 Cetera mgr in\u017c. Jacek Florczak mgr Marzena Jerczy\u0144ska mgr Joanna Kami\u0144ska mgr Urszula Michalska mgr Joanna Warcaba J\u0119zyk niemiecki mgr [&hellip;]\" \/>\n<meta property=\"og:url\" content=\"https:\/\/www.3lo.walbrzych.pl\/wordpress\/nauczyciele\/\" \/>\n<meta property=\"og:site_name\" content=\"III Liceum Og\u00f3lnokszta\u0142c\u0105ce im. Miko\u0142aja Kopernika\" \/>\n<meta property=\"article:modified_time\" content=\"2026-09-03T14:00:19+00:00\" \/>\n<meta name=\"twitter:card\" content=\"summary_large_image\" \/>\n<meta name=\"twitter:label1\" content=\"Szacowany czas czytania\" \/>\n\t<meta name=\"twitter:data1\" content=\"3 minuty\" \/>\n<script type=\"application\/ld+json\" class=\"yoast-schema-graph\">{\"@context\":\"https:\\\/\\\/schema.org\",\"@graph\":[{\"@type\":\"WebPage\",\"@id\":\"https:\\\/\\\/www.3lo.walbrzych.pl\\\/wordpress\\\/nauczyciele\\\/\",\"url\":\"https:\\\/\\\/www.3lo.walbrzych.pl\\\/wordpress\\\/nauczyciele\\\/\",\"name\":\"Nauczyciele - III Liceum Og\u00f3lnokszta\u0142c\u0105ce im. Miko\u0142aja Kopernika\",\"isPartOf\":{\"@id\":\"https:\\\/\\\/www.3lo.walbrzych.pl\\\/wordpress\\\/#website\"},\"datePublished\":\"2015-09-09T22:43:42+00:00\",\"dateModified\":\"2026-09-03T14:00:19+00:00\",\"breadcrumb\":{\"@id\":\"https:\\\/\\\/www.3lo.walbrzych.pl\\\/wordpress\\\/nauczyciele\\\/#breadcrumb\"},\"inLanguage\":\"pl-PL\",\"potentialAction\":[{\"@type\":\"ReadAction\",\"target\":[\"https:\\\/\\\/www.3lo.walbrzych.pl\\\/wordpress\\\/nauczyciele\\\/\"]}]},{\"@type\":\"BreadcrumbList\",\"@id\":\"https:\\\/\\\/www.3lo.walbrzych.pl\\\/wordpress\\\/nauczyciele\\\/#breadcrumb\",\"itemListElement\":[{\"@type\":\"ListItem\",\"position\":1,\"name\":\"Strona g\u0142\u00f3wna\",\"item\":\"https:\\\/\\\/www.3lo.walbrzych.pl\\\/wordpress\\\/\"},{\"@type\":\"ListItem\",\"position\":2,\"name\":\"Nauczyciele\"}]},{\"@type\":\"WebSite\",\"@id\":\"https:\\\/\\\/www.3lo.walbrzych.pl\\\/wordpress\\\/#website\",\"url\":\"https:\\\/\\\/www.3lo.walbrzych.pl\\\/wordpress\\\/\",\"name\":\"III Liceum Og\u00f3lnokszta\u0142c\u0105ce im. Miko\u0142aja Kopernika\",\"description\":\"\",\"publisher\":{\"@id\":\"https:\\\/\\\/www.3lo.walbrzych.pl\\\/wordpress\\\/#organization\"},\"potentialAction\":[{\"@type\":\"SearchAction\",\"target\":{\"@type\":\"EntryPoint\",\"urlTemplate\":\"https:\\\/\\\/www.3lo.walbrzych.pl\\\/wordpress\\\/?s={search_term_string}\"},\"query-input\":{\"@type\":\"PropertyValueSpecification\",\"valueRequired\":true,\"valueName\":\"search_term_string\"}}],\"inLanguage\":\"pl-PL\"},{\"@type\":\"Organization\",\"@id\":\"https:\\\/\\\/www.3lo.walbrzych.pl\\\/wordpress\\\/#organization\",\"name\":\"III Liceum Og\u00f3lnokszta\u0142c\u0105ce im. Miko\u0142aja Kopernika\",\"url\":\"https:\\\/\\\/www.3lo.walbrzych.pl\\\/wordpress\\\/\",\"logo\":{\"@type\":\"ImageObject\",\"inLanguage\":\"pl-PL\",\"@id\":\"https:\\\/\\\/www.3lo.walbrzych.pl\\\/wordpress\\\/#\\\/schema\\\/logo\\\/image\\\/\",\"url\":\"https:\\\/\\\/www.3lo.walbrzych.pl\\\/wordpress\\\/wp-content\\\/uploads\\\/2025\\\/09\\\/logo-szkoly-scaled.jpg\",\"contentUrl\":\"https:\\\/\\\/www.3lo.walbrzych.pl\\\/wordpress\\\/wp-content\\\/uploads\\\/2025\\\/09\\\/logo-szkoly-scaled.jpg\",\"width\":2560,\"height\":914,\"caption\":\"III Liceum Og\u00f3lnokszta\u0142c\u0105ce im. Miko\u0142aja Kopernika\"},\"image\":{\"@id\":\"https:\\\/\\\/www.3lo.walbrzych.pl\\\/wordpress\\\/#\\\/schema\\\/logo\\\/image\\\/\"}}]}<\/script>\n<!-- \/ Yoast SEO plugin. -->","yoast_head_json":{"title":"Nauczyciele - III Liceum Og\u00f3lnokszta\u0142c\u0105ce im. Miko\u0142aja Kopernika","robots":{"index":"index","follow":"follow","max-snippet":"max-snippet:-1","max-image-preview":"max-image-preview:large","max-video-preview":"max-video-preview:-1"},"canonical":"https:\/\/www.3lo.walbrzych.pl\/wordpress\/nauczyciele\/","og_locale":"pl_PL","og_type":"article","og_title":"Nauczyciele - III Liceum Og\u00f3lnokszta\u0142c\u0105ce im. Miko\u0142aja Kopernika","og_description":"Dyrektor mgr in\u017c. Joanna Dominiak Wicedyrektor&nbsp; mgr Katarzyna Danych Kadra pedagogiczna J\u0119zyk polski mgr Sylwia B\u0142aszczyk mgr Emilia Molenda mgr Katarzyna Rutkowska dr Tomasz Smejlis mgr Marlena Solecka J\u0119zyk angielski mgr Marta Byzdra mgr Micha\u0142 Cetera mgr in\u017c. Jacek Florczak mgr Marzena Jerczy\u0144ska mgr Joanna Kami\u0144ska mgr Urszula Michalska mgr Joanna Warcaba J\u0119zyk niemiecki mgr [&hellip;]","og_url":"https:\/\/www.3lo.walbrzych.pl\/wordpress\/nauczyciele\/","og_site_name":"III Liceum Og\u00f3lnokszta\u0142c\u0105ce im. Miko\u0142aja Kopernika","article_modified_time":"2026-09-03T14:00:19+00:00","twitter_card":"summary_large_image","twitter_misc":{"Szacowany czas czytania":"3 minuty"},"schema":{"@context":"https:\/\/schema.org","@graph":[{"@type":"WebPage","@id":"https:\/\/www.3lo.walbrzych.pl\/wordpress\/nauczyciele\/","url":"https:\/\/www.3lo.walbrzych.pl\/wordpress\/nauczyciele\/","name":"Nauczyciele - III Liceum Og\u00f3lnokszta\u0142c\u0105ce im. Miko\u0142aja Kopernika","isPartOf":{"@id":"https:\/\/www.3lo.walbrzych.pl\/wordpress\/#website"},"datePublished":"2015-09-09T22:43:42+00:00","dateModified":"2026-09-03T14:00:19+00:00","breadcrumb":{"@id":"https:\/\/www.3lo.walbrzych.pl\/wordpress\/nauczyciele\/#breadcrumb"},"inLanguage":"pl-PL","potentialAction":[{"@type":"ReadAction","target":["https:\/\/www.3lo.walbrzych.pl\/wordpress\/nauczyciele\/"]}]},{"@type":"BreadcrumbList","@id":"https:\/\/www.3lo.walbrzych.pl\/wordpress\/nauczyciele\/#breadcrumb","itemListElement":[{"@type":"ListItem","position":1,"name":"Strona g\u0142\u00f3wna","item":"https:\/\/www.3lo.walbrzych.pl\/wordpress\/"},{"@type":"ListItem","position":2,"name":"Nauczyciele"}]},{"@type":"WebSite","@id":"https:\/\/www.3lo.walbrzych.pl\/wordpress\/#website","url":"https:\/\/www.3lo.walbrzych.pl\/wordpress\/","name":"III Liceum Og\u00f3lnokszta\u0142c\u0105ce im. Miko\u0142aja Kopernika","description":"","publisher":{"@id":"https:\/\/www.3lo.walbrzych.pl\/wordpress\/#organization"},"potentialAction":[{"@type":"SearchAction","target":{"@type":"EntryPoint","urlTemplate":"https:\/\/www.3lo.walbrzych.pl\/wordpress\/?s={search_term_string}"},"query-input":{"@type":"PropertyValueSpecification","valueRequired":true,"valueName":"search_term_string"}}],"inLanguage":"pl-PL"},{"@type":"Organization","@id":"https:\/\/www.3lo.walbrzych.pl\/wordpress\/#organization","name":"III Liceum Og\u00f3lnokszta\u0142c\u0105ce im. Miko\u0142aja Kopernika","url":"https:\/\/www.3lo.walbrzych.pl\/wordpress\/","logo":{"@type":"ImageObject","inLanguage":"pl-PL","@id":"https:\/\/www.3lo.walbrzych.pl\/wordpress\/#\/schema\/logo\/image\/","url":"https:\/\/www.3lo.walbrzych.pl\/wordpress\/wp-content\/uploads\/2025\/09\/logo-szkoly-scaled.jpg","contentUrl":"https:\/\/www.3lo.walbrzych.pl\/wordpress\/wp-content\/uploads\/2025\/09\/logo-szkoly-scaled.jpg","width":2560,"height":914,"caption":"III Liceum Og\u00f3lnokszta\u0142c\u0105ce im. Miko\u0142aja Kopernika"},"image":{"@id":"https:\/\/www.3lo.walbrzych.pl\/wordpress\/#\/schema\/logo\/image\/"}}]}},"_links":{"self":[{"href":"https:\/\/www.3lo.walbrzych.pl\/wordpress\/wp-json\/wp\/v2\/pages\/413","targetHints":{"allow":["GET"]}}],"collection":[{"href":"https:\/\/www.3lo.walbrzych.pl\/wordpress\/wp-json\/wp\/v2\/pages"}],"about":[{"href":"https:\/\/www.3lo.walbrzych.pl\/wordpress\/wp-json\/wp\/v2\/types\/page"}],"author":[{"embeddable":true,"href":"https:\/\/www.3lo.walbrzych.pl\/wordpress\/wp-json\/wp\/v2\/users\/4"}],"replies":[{"embeddable":true,"href":"https:\/\/www.3lo.walbrzych.pl\/wordpress\/wp-json\/wp\/v2\/comments?post=413"}],"version-history":[{"count":37,"href":"https:\/\/www.3lo.walbrzych.pl\/wordpress\/wp-json\/wp\/v2\/pages\/413\/revisions"}],"predecessor-version":[{"id":8612,"href":"https:\/\/www.3lo.walbrzych.pl\/wordpress\/wp-json\/wp\/v2\/pages\/413\/revisions\/8612"}],"wp:attachment":[{"href":"https:\/\/www.3lo.walbrzych.pl\/wordpress\/wp-json\/wp\/v2\/media?parent=413"}],"curies":[{"name":"wp","href":"https:\/\/api.w.org\/{rel}","templated":true}]}}