{"id":424,"date":"2015-09-10T01:16:29","date_gmt":"2015-09-09T23:16:29","guid":{"rendered":"http:\/\/www.3lo.walbrzych.pl\/wordpress\/?page_id=424"},"modified":"2026-09-03T16:07:17","modified_gmt":"2026-09-03T14:07:17","slug":"organizacja-roku-szkolnego","status":"publish","type":"page","link":"https:\/\/www.3lo.walbrzych.pl\/wordpress\/organizacja-roku-szkolnego\/","title":{"rendered":"Organizacja roku szkolnego 2026-2027"},"content":{"rendered":"\n<ul class=\"wp-block-list\">\n<li><strong>Harmonogram i kalendarium roku szkolnego<\/strong><\/li>\n<\/ul>\n\n\n\n<p class=\"wp-block-paragraph\">Semestr I<\/p>\n\n\n\n<ul class=\"wp-block-list\">\n<li>klasy I-IV &#8211; 1 wrze\u015bnia 2026r. \u2013 15 stycznia 2027r<\/li>\n<\/ul>\n\n\n\n<p class=\"wp-block-paragraph\">Semestr II<\/p>\n\n\n\n<ul class=\"wp-block-list\">\n<li>klasy programowo najwy\u017csze liceum \u2013 18 stycznia \u2013 30 kwietnia 2027r<\/li>\n\n\n\n<li> klasy I-III liceum \u2013 18 stycznia \u2013 25 czerwca 2027r<\/li>\n\n\n\n<li>wystawienie ocen ko\u0144cowych w klasach IV-23 kwietnia 2027r.<\/li>\n\n\n\n<li>Wystawienie ocen ko\u0144cowych w klasach I-III \u2013 18 czerwca 2027r.<\/li>\n<\/ul>\n\n\n\n<figure class=\"wp-block-table\"><table class=\"has-fixed-layout\"><tbody><tr><td><strong>1.<\/strong><\/td><td>Rozpocz\u0119cie roku szkolnego<\/td><td>1 wrze\u015bnia 2026r<\/td><\/tr><tr><td><strong>2.<\/strong><\/td><td>Zimowa przerwa \u015bwi\u0105teczna<\/td><td>23 grudnia 2026r-1 stycznia 2027r<\/td><\/tr><tr><td><strong>3.<\/strong><\/td><td>Ferie zimowe<\/td><td>18-31 stycznia 2027r<\/td><\/tr><tr><td><strong>4.<\/strong><\/td><td>Wiosenna przerwa \u015bwi\u0105teczna<\/td><td>25-30 marca 2027r<\/td><\/tr><tr><td><strong>5.<\/strong><\/td><td>Zako\u0144czenie zaj\u0119\u0107 w klasach programowo najwy\u017cszych<\/td><td><br>30 kwietnia 2027r<\/td><\/tr><tr><td><strong>6.<\/strong><\/td><td>Egzamin maturalny -cz\u0119\u015b\u0107 pisemna -cz\u0119\u015b\u0107 ustna<br><em><strong>Termin dodatkowy matury<\/strong><\/em><\/td><td><br>-Od 4 maja do 20 maja 2027r. -Od 7 maja -29 maja 2027r.<br><strong>Od 1 czerwca do 16 czerwca 2027r.-pisemna<\/strong> <em><strong>Od 7czerwca do 9 czerwca 2027r.-ustna<\/strong><\/em><br><\/td><\/tr><tr><td><strong>7.<\/strong><\/td><td>Zako\u0144czenie rocznych zaj\u0119\u0107 dydaktyczno- wychowawczych<\/td><td>25 czerwca 2027r<\/td><\/tr><tr><td><strong>8.<\/strong><\/td><td>Ferie letnie dla uczni\u00f3w<\/td><td>26 czerwca-31 sierpnia 2027r.<\/td><\/tr><tr><td><strong>9.<\/strong><\/td><td>Termin og\u0142oszenia wynik\u00f3w i wydawania \u015bwiadectw egzaminu maturalnego<\/td><td><br>9 lipieca 2027r.<\/td><\/tr><tr><td><strong>10.<\/strong><\/td><td>Termin matury poprawkowej<\/td><td>23,24 sierpnia 2027<\/td><\/tr><tr><td><strong>11.<\/strong><\/td><td>Termin og\u0142oszenia wynik\u00f3w i wydawania \u015bwiadectw poprawkowego egzaminu maturalnego<\/td><td>10 wrze\u015bnia 2027<\/td><\/tr><\/tbody><\/table><\/figure>\n\n\n\n<ul class=\"wp-block-list\">\n<li><strong>Terminy zwi\u0105zane z ocenianiem<\/strong><\/li>\n<\/ul>\n\n\n\n<p class=\"wp-block-paragraph\"><strong>10.12.2026- wystawienie zagro\u017ce\u0144 ocen\u0105 nast. i nkl<\/strong><\/p>\n\n\n\n<p class=\"wp-block-paragraph\"><strong>11.12.2026- <\/strong>poinformowanie o zagro\u017ceniach ocen\u0105 niedostateczn\u0105 lub nieklasyfikowaniem za I semestr (wys\u0142ane przez Mobi)<\/p>\n\n\n\n<p class=\"wp-block-paragraph\"><strong>13.01.2027<\/strong>&#8211; termin wystawienia ocen semestralnych z przedmiot\u00f3w i zachowania za I semestr<\/p>\n\n\n\n<p class=\"wp-block-paragraph\"><strong>14.01.2027<\/strong>&#8211; posiedzenie Rady pedagogicznej \u2013 klasyfikacja za semestr I<\/p>\n\n\n\n<p class=\"wp-block-paragraph\"><strong>16.03.2027<\/strong>&#8211;<strong> wystawienie zagro\u017ce\u0144 ocen\u0105 nast. i nkl<\/strong><\/p>\n\n\n\n<p class=\"wp-block-paragraph\"><a><\/a><strong>17.03. 2027<\/strong>&#8211; poinformowanie o zagro\u017ceniach ocen\u0105 niedostateczn\u0105 lub nieklasyfikowaniem z poszczeg\u00f3lnych przedmiot\u00f3w, uczni\u00f3w klas programowo najwy\u017cszych na koniec roku<\/p>\n\n\n\n<p class=\"wp-block-paragraph\"><strong>16.04.2027<\/strong>&#8211; wystawienie ocen proponowanych z poszczeg\u00f3lnych przedmiot\u00f3w i zachowania w klasach programowo najwy\u017cszych na koniec roku<\/p>\n\n\n\n<p class=\"wp-block-paragraph\"><strong>23.04.2027<\/strong>&#8211; <strong>termin wystawienia ocen semestralnych z przedmiot\u00f3w i zachowania uczni\u00f3w klas programowo najwy\u017cszych na koniec rok<\/strong><\/p>\n\n\n\n<p class=\"wp-block-paragraph\"><strong>26.04.2027<\/strong>&#8211; posiedzenie Rady pedagogicznej \u2013 klasyfikacja uczni\u00f3w klas programowo najwy\u017cszych<\/p>\n\n\n\n<p class=\"wp-block-paragraph\"><strong>17.05.2027<\/strong>&#8211; <strong>wystawienie zagro\u017ce\u0144 ocen\u0105 nast. i nkl<\/strong><\/p>\n\n\n\n<p class=\"wp-block-paragraph\"><strong>18.05. 2027<\/strong>&#8211; poinformowanie o zagro\u017ceniach ocen\u0105 niedostateczn\u0105 lub nieklasyfikowaniem z poszczeg\u00f3lnych przedmiot\u00f3w na koniec roku klasy I-III<\/p>\n\n\n\n<p class=\"wp-block-paragraph\"><strong>11.06.2027<\/strong>&#8211; wystawienie ocen proponowanych z poszczeg\u00f3lnych przedmiot\u00f3w i zachowania w klasach I-III na koniec roku<\/p>\n\n\n\n<p class=\"wp-block-paragraph\"><strong>18.06.2027<\/strong>&#8211; wystawienie ocen ko\u0144cowych<\/p>\n\n\n\n<p class=\"wp-block-paragraph\"><strong>21.06.2027<\/strong>&#8211; posiedzenie Rady pedagogicznej \u2013 klasyfikacja uczni\u00f3w klas I-III na koniec roku<\/p>\n","protected":false},"excerpt":{"rendered":"<p>Semestr I Semestr II 1. Rozpocz\u0119cie roku szkolnego 1 wrze\u015bnia 2026r 2. Zimowa przerwa \u015bwi\u0105teczna 23 grudnia 2026r-1 stycznia 2027r 3. Ferie zimowe 18-31 stycznia 2027r 4. Wiosenna przerwa \u015bwi\u0105teczna 25-30 marca 2027r 5. Zako\u0144czenie zaj\u0119\u0107 w klasach programowo najwy\u017cszych 30 kwietnia 2027r 6. Egzamin maturalny -cz\u0119\u015b\u0107 pisemna -cz\u0119\u015b\u0107 ustnaTermin dodatkowy matury -Od 4 maja [&hellip;]<\/p>\n","protected":false},"author":4,"featured_media":0,"parent":0,"menu_order":0,"comment_status":"open","ping_status":"open","template":"","meta":{"footnotes":""},"class_list":["post-424","page","type-page","status-publish","hentry"],"yoast_head":"<!-- This site is optimized with the Yoast SEO plugin v28.4 - https:\/\/yoast.com\/product\/yoast-seo-wordpress\/ -->\n<title>Organizacja roku szkolnego 2026-2027 - III Liceum Og\u00f3lnokszta\u0142c\u0105ce im. Miko\u0142aja Kopernika<\/title>\n<meta name=\"robots\" content=\"index, follow, max-snippet:-1, max-image-preview:large, max-video-preview:-1\" \/>\n<link rel=\"canonical\" href=\"https:\/\/www.3lo.walbrzych.pl\/wordpress\/organizacja-roku-szkolnego\/\" \/>\n<meta property=\"og:locale\" content=\"pl_PL\" \/>\n<meta property=\"og:type\" content=\"article\" \/>\n<meta property=\"og:title\" content=\"Organizacja roku szkolnego 2026-2027 - III Liceum Og\u00f3lnokszta\u0142c\u0105ce im. Miko\u0142aja Kopernika\" \/>\n<meta property=\"og:description\" content=\"Semestr I Semestr II 1. Rozpocz\u0119cie roku szkolnego 1 wrze\u015bnia 2026r 2. Zimowa przerwa \u015bwi\u0105teczna 23 grudnia 2026r-1 stycznia 2027r 3. Ferie zimowe 18-31 stycznia 2027r 4. Wiosenna przerwa \u015bwi\u0105teczna 25-30 marca 2027r 5. Zako\u0144czenie zaj\u0119\u0107 w klasach programowo najwy\u017cszych 30 kwietnia 2027r 6. Egzamin maturalny -cz\u0119\u015b\u0107 pisemna -cz\u0119\u015b\u0107 ustnaTermin dodatkowy matury -Od 4 maja [&hellip;]\" \/>\n<meta property=\"og:url\" content=\"https:\/\/www.3lo.walbrzych.pl\/wordpress\/organizacja-roku-szkolnego\/\" \/>\n<meta property=\"og:site_name\" content=\"III Liceum Og\u00f3lnokszta\u0142c\u0105ce im. Miko\u0142aja Kopernika\" \/>\n<meta property=\"article:modified_time\" content=\"2026-09-03T14:07:17+00:00\" \/>\n<meta name=\"twitter:card\" content=\"summary_large_image\" \/>\n<meta name=\"twitter:label1\" content=\"Szacowany czas czytania\" \/>\n\t<meta name=\"twitter:data1\" content=\"3 minuty\" \/>\n<script type=\"application\/ld+json\" class=\"yoast-schema-graph\">{\"@context\":\"https:\\\/\\\/schema.org\",\"@graph\":[{\"@type\":\"WebPage\",\"@id\":\"https:\\\/\\\/www.3lo.walbrzych.pl\\\/wordpress\\\/organizacja-roku-szkolnego\\\/\",\"url\":\"https:\\\/\\\/www.3lo.walbrzych.pl\\\/wordpress\\\/organizacja-roku-szkolnego\\\/\",\"name\":\"Organizacja roku szkolnego 2026-2027 - III Liceum Og\u00f3lnokszta\u0142c\u0105ce im. Miko\u0142aja Kopernika\",\"isPartOf\":{\"@id\":\"https:\\\/\\\/www.3lo.walbrzych.pl\\\/wordpress\\\/#website\"},\"datePublished\":\"2015-09-09T23:16:29+00:00\",\"dateModified\":\"2026-09-03T14:07:17+00:00\",\"breadcrumb\":{\"@id\":\"https:\\\/\\\/www.3lo.walbrzych.pl\\\/wordpress\\\/organizacja-roku-szkolnego\\\/#breadcrumb\"},\"inLanguage\":\"pl-PL\",\"potentialAction\":[{\"@type\":\"ReadAction\",\"target\":[\"https:\\\/\\\/www.3lo.walbrzych.pl\\\/wordpress\\\/organizacja-roku-szkolnego\\\/\"]}]},{\"@type\":\"BreadcrumbList\",\"@id\":\"https:\\\/\\\/www.3lo.walbrzych.pl\\\/wordpress\\\/organizacja-roku-szkolnego\\\/#breadcrumb\",\"itemListElement\":[{\"@type\":\"ListItem\",\"position\":1,\"name\":\"Strona g\u0142\u00f3wna\",\"item\":\"https:\\\/\\\/www.3lo.walbrzych.pl\\\/wordpress\\\/\"},{\"@type\":\"ListItem\",\"position\":2,\"name\":\"Organizacja roku szkolnego 2026-2027\"}]},{\"@type\":\"WebSite\",\"@id\":\"https:\\\/\\\/www.3lo.walbrzych.pl\\\/wordpress\\\/#website\",\"url\":\"https:\\\/\\\/www.3lo.walbrzych.pl\\\/wordpress\\\/\",\"name\":\"III Liceum Og\u00f3lnokszta\u0142c\u0105ce im. Miko\u0142aja Kopernika\",\"description\":\"\",\"publisher\":{\"@id\":\"https:\\\/\\\/www.3lo.walbrzych.pl\\\/wordpress\\\/#organization\"},\"potentialAction\":[{\"@type\":\"SearchAction\",\"target\":{\"@type\":\"EntryPoint\",\"urlTemplate\":\"https:\\\/\\\/www.3lo.walbrzych.pl\\\/wordpress\\\/?s={search_term_string}\"},\"query-input\":{\"@type\":\"PropertyValueSpecification\",\"valueRequired\":true,\"valueName\":\"search_term_string\"}}],\"inLanguage\":\"pl-PL\"},{\"@type\":\"Organization\",\"@id\":\"https:\\\/\\\/www.3lo.walbrzych.pl\\\/wordpress\\\/#organization\",\"name\":\"III Liceum Og\u00f3lnokszta\u0142c\u0105ce im. Miko\u0142aja Kopernika\",\"url\":\"https:\\\/\\\/www.3lo.walbrzych.pl\\\/wordpress\\\/\",\"logo\":{\"@type\":\"ImageObject\",\"inLanguage\":\"pl-PL\",\"@id\":\"https:\\\/\\\/www.3lo.walbrzych.pl\\\/wordpress\\\/#\\\/schema\\\/logo\\\/image\\\/\",\"url\":\"https:\\\/\\\/www.3lo.walbrzych.pl\\\/wordpress\\\/wp-content\\\/uploads\\\/2025\\\/09\\\/logo-szkoly-scaled.jpg\",\"contentUrl\":\"https:\\\/\\\/www.3lo.walbrzych.pl\\\/wordpress\\\/wp-content\\\/uploads\\\/2025\\\/09\\\/logo-szkoly-scaled.jpg\",\"width\":2560,\"height\":914,\"caption\":\"III Liceum Og\u00f3lnokszta\u0142c\u0105ce im. Miko\u0142aja Kopernika\"},\"image\":{\"@id\":\"https:\\\/\\\/www.3lo.walbrzych.pl\\\/wordpress\\\/#\\\/schema\\\/logo\\\/image\\\/\"}}]}<\/script>\n<!-- \/ Yoast SEO plugin. -->","yoast_head_json":{"title":"Organizacja roku szkolnego 2026-2027 - III Liceum Og\u00f3lnokszta\u0142c\u0105ce im. Miko\u0142aja Kopernika","robots":{"index":"index","follow":"follow","max-snippet":"max-snippet:-1","max-image-preview":"max-image-preview:large","max-video-preview":"max-video-preview:-1"},"canonical":"https:\/\/www.3lo.walbrzych.pl\/wordpress\/organizacja-roku-szkolnego\/","og_locale":"pl_PL","og_type":"article","og_title":"Organizacja roku szkolnego 2026-2027 - III Liceum Og\u00f3lnokszta\u0142c\u0105ce im. Miko\u0142aja Kopernika","og_description":"Semestr I Semestr II 1. Rozpocz\u0119cie roku szkolnego 1 wrze\u015bnia 2026r 2. Zimowa przerwa \u015bwi\u0105teczna 23 grudnia 2026r-1 stycznia 2027r 3. Ferie zimowe 18-31 stycznia 2027r 4. Wiosenna przerwa \u015bwi\u0105teczna 25-30 marca 2027r 5. Zako\u0144czenie zaj\u0119\u0107 w klasach programowo najwy\u017cszych 30 kwietnia 2027r 6. Egzamin maturalny -cz\u0119\u015b\u0107 pisemna -cz\u0119\u015b\u0107 ustnaTermin dodatkowy matury -Od 4 maja [&hellip;]","og_url":"https:\/\/www.3lo.walbrzych.pl\/wordpress\/organizacja-roku-szkolnego\/","og_site_name":"III Liceum Og\u00f3lnokszta\u0142c\u0105ce im. Miko\u0142aja Kopernika","article_modified_time":"2026-09-03T14:07:17+00:00","twitter_card":"summary_large_image","twitter_misc":{"Szacowany czas czytania":"3 minuty"},"schema":{"@context":"https:\/\/schema.org","@graph":[{"@type":"WebPage","@id":"https:\/\/www.3lo.walbrzych.pl\/wordpress\/organizacja-roku-szkolnego\/","url":"https:\/\/www.3lo.walbrzych.pl\/wordpress\/organizacja-roku-szkolnego\/","name":"Organizacja roku szkolnego 2026-2027 - III Liceum Og\u00f3lnokszta\u0142c\u0105ce im. Miko\u0142aja Kopernika","isPartOf":{"@id":"https:\/\/www.3lo.walbrzych.pl\/wordpress\/#website"},"datePublished":"2015-09-09T23:16:29+00:00","dateModified":"2026-09-03T14:07:17+00:00","breadcrumb":{"@id":"https:\/\/www.3lo.walbrzych.pl\/wordpress\/organizacja-roku-szkolnego\/#breadcrumb"},"inLanguage":"pl-PL","potentialAction":[{"@type":"ReadAction","target":["https:\/\/www.3lo.walbrzych.pl\/wordpress\/organizacja-roku-szkolnego\/"]}]},{"@type":"BreadcrumbList","@id":"https:\/\/www.3lo.walbrzych.pl\/wordpress\/organizacja-roku-szkolnego\/#breadcrumb","itemListElement":[{"@type":"ListItem","position":1,"name":"Strona g\u0142\u00f3wna","item":"https:\/\/www.3lo.walbrzych.pl\/wordpress\/"},{"@type":"ListItem","position":2,"name":"Organizacja roku szkolnego 2026-2027"}]},{"@type":"WebSite","@id":"https:\/\/www.3lo.walbrzych.pl\/wordpress\/#website","url":"https:\/\/www.3lo.walbrzych.pl\/wordpress\/","name":"III Liceum Og\u00f3lnokszta\u0142c\u0105ce im. Miko\u0142aja Kopernika","description":"","publisher":{"@id":"https:\/\/www.3lo.walbrzych.pl\/wordpress\/#organization"},"potentialAction":[{"@type":"SearchAction","target":{"@type":"EntryPoint","urlTemplate":"https:\/\/www.3lo.walbrzych.pl\/wordpress\/?s={search_term_string}"},"query-input":{"@type":"PropertyValueSpecification","valueRequired":true,"valueName":"search_term_string"}}],"inLanguage":"pl-PL"},{"@type":"Organization","@id":"https:\/\/www.3lo.walbrzych.pl\/wordpress\/#organization","name":"III Liceum Og\u00f3lnokszta\u0142c\u0105ce im. Miko\u0142aja Kopernika","url":"https:\/\/www.3lo.walbrzych.pl\/wordpress\/","logo":{"@type":"ImageObject","inLanguage":"pl-PL","@id":"https:\/\/www.3lo.walbrzych.pl\/wordpress\/#\/schema\/logo\/image\/","url":"https:\/\/www.3lo.walbrzych.pl\/wordpress\/wp-content\/uploads\/2025\/09\/logo-szkoly-scaled.jpg","contentUrl":"https:\/\/www.3lo.walbrzych.pl\/wordpress\/wp-content\/uploads\/2025\/09\/logo-szkoly-scaled.jpg","width":2560,"height":914,"caption":"III Liceum Og\u00f3lnokszta\u0142c\u0105ce im. Miko\u0142aja Kopernika"},"image":{"@id":"https:\/\/www.3lo.walbrzych.pl\/wordpress\/#\/schema\/logo\/image\/"}}]}},"_links":{"self":[{"href":"https:\/\/www.3lo.walbrzych.pl\/wordpress\/wp-json\/wp\/v2\/pages\/424","targetHints":{"allow":["GET"]}}],"collection":[{"href":"https:\/\/www.3lo.walbrzych.pl\/wordpress\/wp-json\/wp\/v2\/pages"}],"about":[{"href":"https:\/\/www.3lo.walbrzych.pl\/wordpress\/wp-json\/wp\/v2\/types\/page"}],"author":[{"embeddable":true,"href":"https:\/\/www.3lo.walbrzych.pl\/wordpress\/wp-json\/wp\/v2\/users\/4"}],"replies":[{"embeddable":true,"href":"https:\/\/www.3lo.walbrzych.pl\/wordpress\/wp-json\/wp\/v2\/comments?post=424"}],"version-history":[{"count":34,"href":"https:\/\/www.3lo.walbrzych.pl\/wordpress\/wp-json\/wp\/v2\/pages\/424\/revisions"}],"predecessor-version":[{"id":8614,"href":"https:\/\/www.3lo.walbrzych.pl\/wordpress\/wp-json\/wp\/v2\/pages\/424\/revisions\/8614"}],"wp:attachment":[{"href":"https:\/\/www.3lo.walbrzych.pl\/wordpress\/wp-json\/wp\/v2\/media?parent=424"}],"curies":[{"name":"wp","href":"https:\/\/api.w.org\/{rel}","templated":true}]}}